{"id":1542,"date":"2020-05-26T19:18:33","date_gmt":"2020-05-26T17:18:33","guid":{"rendered":"https:\/\/www.gourmetclassic.de\/home\/?page_id=1542"},"modified":"2024-01-30T14:31:05","modified_gmt":"2024-01-30T13:31:05","slug":"bremen","status":"publish","type":"page","link":"https:\/\/www.gourmetclassic.de\/home\/regionen\/regionen-in-deutschland\/bremen\/","title":{"rendered":"Bremen"},"content":{"rendered":"<p><img loading=\"lazy\" decoding=\"async\" class=\"alignnone size-full wp-image-1541\" title=\"Bremen\" src=\"https:\/\/www.gourmetclassic.de\/wp-content\/uploads\/2020\/05\/bremen.jpg\" alt=\"Bremen\" width=\"1920\" height=\"800\" srcset=\"https:\/\/www.gourmetclassic.de\/wp-content\/uploads\/2020\/05\/bremen.jpg 1920w, https:\/\/www.gourmetclassic.de\/wp-content\/uploads\/2020\/05\/bremen-768x320.jpg 768w, https:\/\/www.gourmetclassic.de\/wp-content\/uploads\/2020\/05\/bremen-1536x640.jpg 1536w\" sizes=\"(max-width: 1920px) 100vw, 1920px\" \/><\/p>\n<p>Die Stadtgemeinde Bremen ist die Hauptstadt des Landes Freie Hansestadt Bremen. Zu dem Zwei-St\u00e4dte-Staat geh\u00f6rt neben Bremen noch das 53 km n\u00f6rdlich gelegene Bremerhaven. Die Stadtgemeinde Bremen ist mit rund 566.000 Einwohnern die elftgr\u00f6\u00dfte Stadt in Deutschland. Bremen geh\u00f6rt zur Europ\u00e4ischen Metropolregion Nordwest mit gut 2,7 Mio. Einwohnern, eine von insgesamt elf Europ\u00e4ischen Metropolregionen in Deutschland.<\/p>\n<p>Das Stadtbremische \u00dcberseehafengebiet Bremerhaven ist eine Exklave der Stadt Bremen innerhalb von Bremerhaven.<\/p>\n<p>Bremen liegt zu beiden Seiten der Weser, etwa 60 Kilometer vor deren M\u00fcndung in die Nordsee bzw. deren \u00dcbergang in die Au\u00dfenweser bei Bremerhaven. In H\u00f6he der Bremer Altstadt geht die Mittelweser in die Unterweser \u00fcber, die ab der Eisenbahnbr\u00fccke Bremen zur Seeschifffahrtsstra\u00dfe ausgebaut ist. Die von der Ochtum durchzogene Landschaft links der Unterweser wird als Wesermarsch bezeichnet, die Landschaft rechts der Unterweser geh\u00f6rt zum Elbe-Weser-Dreieck. Die Lesum, mit ihren Quellfl\u00fcssen W\u00fcmme und Hamme, die Sch\u00f6nebecker und die Blumenthaler Aue bilden von hier aus die Zufl\u00fcsse der Weser. (Quelle: <a href=\"https:\/\/de.wikipedia.org\/wiki\/Bremen\" target=\"_blank\" rel=\"noopener noreferrer\">Wikipedia<\/a>)<\/p>\n<div id=\"footable_parent_3874\"\n         class=\" footable_parent ninja_table_wrapper loading_ninja_table wp_table_data_press_parent semantic_ui \">\n                <table data-ninja_table_instance=\"ninja_table_instance_0\" data-footable_id=\"3874\" data-filter-delay=\"1000\" aria-label=\"Rest-DE-kopie\"            id=\"footable_3874\"\n           data-unique_identifier=\"ninja_table_unique_id_4148494716_3874\"\n           class=\" foo-table ninja_footable foo_table_3874 ninja_table_unique_id_4148494716_3874 ui table  ninja_has_count_format ninja_search_right nt_type_ajax_table selectable striped vertical_centered  footable-paging-right ninja_table_pro ninja_table_afd_columns ninja_table_afcs_columns_2 ninja_table_afcl_new_line ninja_table_has_custom_filter\">\n                <colgroup>\n                            <col class=\"ninja_column_0 \">\n                            <col class=\"ninja_column_1 \">\n                            <col class=\"ninja_column_2 \">\n                            <col class=\"ninja_column_3 \">\n                            <col class=\"ninja_column_4 \">\n                            <col class=\"ninja_column_5 \">\n                            <col class=\"ninja_column_6 \">\n                            <col class=\"ninja_column_7 xs sm md lg\">\n                            <col class=\"ninja_column_8 \">\n                            <col class=\"ninja_column_9 xs sm md lg\">\n                            <col class=\"ninja_column_10 \">\n                            <col class=\"ninja_column_11 \">\n                            <col class=\"ninja_column_12 xs sm md lg\">\n                            <col class=\"ninja_column_13 xs sm md lg\">\n                    <\/colgroup>\n            <\/table>\n    \n    \n    \n<\/div>\n\n","protected":false},"excerpt":{"rendered":"<p>Die Stadtgemeinde Bremen ist die Hauptstadt des Landes Freie Hansestadt Bremen. Zu dem Zwei-St\u00e4dte-Staat geh\u00f6rt neben Bremen noch das 53<\/p>\n","protected":false},"author":1,"featured_media":0,"parent":151,"menu_order":0,"comment_status":"closed","ping_status":"closed","template":"","meta":{"footnotes":""},"class_list":["post-1542","page","type-page","status-publish","hentry"],"yoast_head":"<!-- This site is optimized with the Yoast SEO plugin v25.6 - https:\/\/yoast.com\/wordpress\/plugins\/seo\/ -->\n<title>Bremen - Gourmet Classic<\/title>\n<meta name=\"robots\" content=\"index, follow, max-snippet:-1, max-image-preview:large, max-video-preview:-1\" \/>\n<link rel=\"canonical\" href=\"https:\/\/www.gourmetclassic.de\/home\/regionen\/regionen-in-deutschland\/bremen\/\" \/>\n<meta property=\"og:locale\" content=\"de_DE\" \/>\n<meta property=\"og:type\" content=\"article\" \/>\n<meta property=\"og:title\" content=\"Bremen - Gourmet Classic\" \/>\n<meta property=\"og:description\" content=\"Die Stadtgemeinde Bremen ist die Hauptstadt des Landes Freie Hansestadt Bremen. Zu dem Zwei-St\u00e4dte-Staat geh\u00f6rt neben Bremen noch das 53\" \/>\n<meta property=\"og:url\" content=\"https:\/\/www.gourmetclassic.de\/home\/regionen\/regionen-in-deutschland\/bremen\/\" \/>\n<meta property=\"og:site_name\" content=\"Gourmet Classic\" \/>\n<meta property=\"article:modified_time\" content=\"2024-01-30T13:31:05+00:00\" \/>\n<meta property=\"og:image\" content=\"https:\/\/www.gourmetclassic.de\/wp-content\/uploads\/2020\/05\/bremen.jpg\" \/>\n<meta name=\"twitter:card\" content=\"summary_large_image\" \/>\n<meta name=\"twitter:label1\" content=\"Gesch\u00e4tzte Lesezeit\" \/>\n\t<meta name=\"twitter:data1\" content=\"2\u00a0Minuten\" \/>\n<script type=\"application\/ld+json\" class=\"yoast-schema-graph\">{\"@context\":\"https:\/\/schema.org\",\"@graph\":[{\"@type\":\"WebPage\",\"@id\":\"https:\/\/www.gourmetclassic.de\/home\/regionen\/regionen-in-deutschland\/bremen\/\",\"url\":\"https:\/\/www.gourmetclassic.de\/home\/regionen\/regionen-in-deutschland\/bremen\/\",\"name\":\"Bremen - Gourmet Classic\",\"isPartOf\":{\"@id\":\"https:\/\/www.gourmetclassic.de\/home\/#website\"},\"primaryImageOfPage\":{\"@id\":\"https:\/\/www.gourmetclassic.de\/home\/regionen\/regionen-in-deutschland\/bremen\/#primaryimage\"},\"image\":{\"@id\":\"https:\/\/www.gourmetclassic.de\/home\/regionen\/regionen-in-deutschland\/bremen\/#primaryimage\"},\"thumbnailUrl\":\"https:\/\/www.gourmetclassic.de\/wp-content\/uploads\/2020\/05\/bremen.jpg\",\"datePublished\":\"2020-05-26T17:18:33+00:00\",\"dateModified\":\"2024-01-30T13:31:05+00:00\",\"breadcrumb\":{\"@id\":\"https:\/\/www.gourmetclassic.de\/home\/regionen\/regionen-in-deutschland\/bremen\/#breadcrumb\"},\"inLanguage\":\"de\",\"potentialAction\":[{\"@type\":\"ReadAction\",\"target\":[\"https:\/\/www.gourmetclassic.de\/home\/regionen\/regionen-in-deutschland\/bremen\/\"]}]},{\"@type\":\"ImageObject\",\"inLanguage\":\"de\",\"@id\":\"https:\/\/www.gourmetclassic.de\/home\/regionen\/regionen-in-deutschland\/bremen\/#primaryimage\",\"url\":\"https:\/\/www.gourmetclassic.de\/wp-content\/uploads\/2020\/05\/bremen.jpg\",\"contentUrl\":\"https:\/\/www.gourmetclassic.de\/wp-content\/uploads\/2020\/05\/bremen.jpg\"},{\"@type\":\"BreadcrumbList\",\"@id\":\"https:\/\/www.gourmetclassic.de\/home\/regionen\/regionen-in-deutschland\/bremen\/#breadcrumb\",\"itemListElement\":[{\"@type\":\"ListItem\",\"position\":1,\"name\":\"Startseite\",\"item\":\"https:\/\/www.gourmetclassic.de\/home\/\"},{\"@type\":\"ListItem\",\"position\":2,\"name\":\"Suche nach Restaurants\/Hotels in Regionen\",\"item\":\"https:\/\/www.gourmetclassic.de\/home\/regionen\/\"},{\"@type\":\"ListItem\",\"position\":3,\"name\":\"Regionen in Deutschland\",\"item\":\"https:\/\/www.gourmetclassic.de\/home\/regionen\/regionen-in-deutschland\/\"},{\"@type\":\"ListItem\",\"position\":4,\"name\":\"Bremen\"}]},{\"@type\":\"WebSite\",\"@id\":\"https:\/\/www.gourmetclassic.de\/home\/#website\",\"url\":\"https:\/\/www.gourmetclassic.de\/home\/\",\"name\":\"Gourmet Classic\",\"description\":\"Portal der gehobenen Gastlichkeit\",\"publisher\":{\"@id\":\"https:\/\/www.gourmetclassic.de\/home\/#organization\"},\"potentialAction\":[{\"@type\":\"SearchAction\",\"target\":{\"@type\":\"EntryPoint\",\"urlTemplate\":\"https:\/\/www.gourmetclassic.de\/home\/?s={search_term_string}\"},\"query-input\":{\"@type\":\"PropertyValueSpecification\",\"valueRequired\":true,\"valueName\":\"search_term_string\"}}],\"inLanguage\":\"de\"},{\"@type\":\"Organization\",\"@id\":\"https:\/\/www.gourmetclassic.de\/home\/#organization\",\"name\":\"Gourmet Classic\",\"url\":\"https:\/\/www.gourmetclassic.de\/home\/\",\"logo\":{\"@type\":\"ImageObject\",\"inLanguage\":\"de\",\"@id\":\"https:\/\/www.gourmetclassic.de\/home\/#\/schema\/logo\/image\/\",\"url\":\"https:\/\/www.gourmetclassic.de\/wp-content\/uploads\/2019\/04\/gourmet-classic-logo.jpg\",\"contentUrl\":\"https:\/\/www.gourmetclassic.de\/wp-content\/uploads\/2019\/04\/gourmet-classic-logo.jpg\",\"width\":253,\"height\":123,\"caption\":\"Gourmet Classic\"},\"image\":{\"@id\":\"https:\/\/www.gourmetclassic.de\/home\/#\/schema\/logo\/image\/\"}}]}<\/script>\n<!-- \/ Yoast SEO plugin. -->","yoast_head_json":{"title":"Bremen - Gourmet Classic","robots":{"index":"index","follow":"follow","max-snippet":"max-snippet:-1","max-image-preview":"max-image-preview:large","max-video-preview":"max-video-preview:-1"},"canonical":"https:\/\/www.gourmetclassic.de\/home\/regionen\/regionen-in-deutschland\/bremen\/","og_locale":"de_DE","og_type":"article","og_title":"Bremen - Gourmet Classic","og_description":"Die Stadtgemeinde Bremen ist die Hauptstadt des Landes Freie Hansestadt Bremen. Zu dem Zwei-St\u00e4dte-Staat geh\u00f6rt neben Bremen noch das 53","og_url":"https:\/\/www.gourmetclassic.de\/home\/regionen\/regionen-in-deutschland\/bremen\/","og_site_name":"Gourmet Classic","article_modified_time":"2024-01-30T13:31:05+00:00","og_image":[{"url":"https:\/\/www.gourmetclassic.de\/wp-content\/uploads\/2020\/05\/bremen.jpg","type":"","width":"","height":""}],"twitter_card":"summary_large_image","twitter_misc":{"Gesch\u00e4tzte Lesezeit":"2\u00a0Minuten"},"schema":{"@context":"https:\/\/schema.org","@graph":[{"@type":"WebPage","@id":"https:\/\/www.gourmetclassic.de\/home\/regionen\/regionen-in-deutschland\/bremen\/","url":"https:\/\/www.gourmetclassic.de\/home\/regionen\/regionen-in-deutschland\/bremen\/","name":"Bremen - Gourmet Classic","isPartOf":{"@id":"https:\/\/www.gourmetclassic.de\/home\/#website"},"primaryImageOfPage":{"@id":"https:\/\/www.gourmetclassic.de\/home\/regionen\/regionen-in-deutschland\/bremen\/#primaryimage"},"image":{"@id":"https:\/\/www.gourmetclassic.de\/home\/regionen\/regionen-in-deutschland\/bremen\/#primaryimage"},"thumbnailUrl":"https:\/\/www.gourmetclassic.de\/wp-content\/uploads\/2020\/05\/bremen.jpg","datePublished":"2020-05-26T17:18:33+00:00","dateModified":"2024-01-30T13:31:05+00:00","breadcrumb":{"@id":"https:\/\/www.gourmetclassic.de\/home\/regionen\/regionen-in-deutschland\/bremen\/#breadcrumb"},"inLanguage":"de","potentialAction":[{"@type":"ReadAction","target":["https:\/\/www.gourmetclassic.de\/home\/regionen\/regionen-in-deutschland\/bremen\/"]}]},{"@type":"ImageObject","inLanguage":"de","@id":"https:\/\/www.gourmetclassic.de\/home\/regionen\/regionen-in-deutschland\/bremen\/#primaryimage","url":"https:\/\/www.gourmetclassic.de\/wp-content\/uploads\/2020\/05\/bremen.jpg","contentUrl":"https:\/\/www.gourmetclassic.de\/wp-content\/uploads\/2020\/05\/bremen.jpg"},{"@type":"BreadcrumbList","@id":"https:\/\/www.gourmetclassic.de\/home\/regionen\/regionen-in-deutschland\/bremen\/#breadcrumb","itemListElement":[{"@type":"ListItem","position":1,"name":"Startseite","item":"https:\/\/www.gourmetclassic.de\/home\/"},{"@type":"ListItem","position":2,"name":"Suche nach Restaurants\/Hotels in Regionen","item":"https:\/\/www.gourmetclassic.de\/home\/regionen\/"},{"@type":"ListItem","position":3,"name":"Regionen in Deutschland","item":"https:\/\/www.gourmetclassic.de\/home\/regionen\/regionen-in-deutschland\/"},{"@type":"ListItem","position":4,"name":"Bremen"}]},{"@type":"WebSite","@id":"https:\/\/www.gourmetclassic.de\/home\/#website","url":"https:\/\/www.gourmetclassic.de\/home\/","name":"Gourmet Classic","description":"Portal der gehobenen Gastlichkeit","publisher":{"@id":"https:\/\/www.gourmetclassic.de\/home\/#organization"},"potentialAction":[{"@type":"SearchAction","target":{"@type":"EntryPoint","urlTemplate":"https:\/\/www.gourmetclassic.de\/home\/?s={search_term_string}"},"query-input":{"@type":"PropertyValueSpecification","valueRequired":true,"valueName":"search_term_string"}}],"inLanguage":"de"},{"@type":"Organization","@id":"https:\/\/www.gourmetclassic.de\/home\/#organization","name":"Gourmet Classic","url":"https:\/\/www.gourmetclassic.de\/home\/","logo":{"@type":"ImageObject","inLanguage":"de","@id":"https:\/\/www.gourmetclassic.de\/home\/#\/schema\/logo\/image\/","url":"https:\/\/www.gourmetclassic.de\/wp-content\/uploads\/2019\/04\/gourmet-classic-logo.jpg","contentUrl":"https:\/\/www.gourmetclassic.de\/wp-content\/uploads\/2019\/04\/gourmet-classic-logo.jpg","width":253,"height":123,"caption":"Gourmet Classic"},"image":{"@id":"https:\/\/www.gourmetclassic.de\/home\/#\/schema\/logo\/image\/"}}]}},"_links":{"self":[{"href":"https:\/\/www.gourmetclassic.de\/home\/wp-json\/wp\/v2\/pages\/1542"}],"collection":[{"href":"https:\/\/www.gourmetclassic.de\/home\/wp-json\/wp\/v2\/pages"}],"about":[{"href":"https:\/\/www.gourmetclassic.de\/home\/wp-json\/wp\/v2\/types\/page"}],"author":[{"embeddable":true,"href":"https:\/\/www.gourmetclassic.de\/home\/wp-json\/wp\/v2\/users\/1"}],"replies":[{"embeddable":true,"href":"https:\/\/www.gourmetclassic.de\/home\/wp-json\/wp\/v2\/comments?post=1542"}],"version-history":[{"count":4,"href":"https:\/\/www.gourmetclassic.de\/home\/wp-json\/wp\/v2\/pages\/1542\/revisions"}],"predecessor-version":[{"id":4470,"href":"https:\/\/www.gourmetclassic.de\/home\/wp-json\/wp\/v2\/pages\/1542\/revisions\/4470"}],"up":[{"embeddable":true,"href":"https:\/\/www.gourmetclassic.de\/home\/wp-json\/wp\/v2\/pages\/151"}],"wp:attachment":[{"href":"https:\/\/www.gourmetclassic.de\/home\/wp-json\/wp\/v2\/media?parent=1542"}],"curies":[{"name":"wp","href":"https:\/\/api.w.org\/{rel}","templated":true}]}}