{"id":1644,"date":"2020-05-28T21:53:45","date_gmt":"2020-05-28T19:53:45","guid":{"rendered":"https:\/\/www.gourmetclassic.de\/home\/?page_id=1644"},"modified":"2024-01-30T14:43:57","modified_gmt":"2024-01-30T13:43:57","slug":"kellerwald-edersee","status":"publish","type":"page","link":"https:\/\/www.gourmetclassic.de\/home\/regionen\/regionen-in-deutschland\/kellerwald-edersee\/","title":{"rendered":"Kellerwald-Edersee"},"content":{"rendered":"<p><img loading=\"lazy\" decoding=\"async\" class=\"alignnone size-full wp-image-1643\" title=\"Edertalsperre\" src=\"https:\/\/www.gourmetclassic.de\/wp-content\/uploads\/2020\/05\/kellerwald-edersee.jpg\" alt=\"Edertalsperre\" width=\"1920\" height=\"800\" srcset=\"https:\/\/www.gourmetclassic.de\/wp-content\/uploads\/2020\/05\/kellerwald-edersee.jpg 1920w, https:\/\/www.gourmetclassic.de\/wp-content\/uploads\/2020\/05\/kellerwald-edersee-768x320.jpg 768w, https:\/\/www.gourmetclassic.de\/wp-content\/uploads\/2020\/05\/kellerwald-edersee-1536x640.jpg 1536w\" sizes=\"(max-width: 1920px) 100vw, 1920px\" \/><\/p>\n<p><img loading=\"lazy\" decoding=\"async\" class=\"size-full wp-image-1452 alignleft\" title=\"Kellerwald-Edersee\" src=\"https:\/\/www.gourmetclassic.de\/wp-content\/uploads\/2020\/05\/kellerwald-edersee_400.png\" alt=\"Kellerwald-Edersee\" width=\"400\" height=\"400\" \/>Der Nationalpark Kellerwald-Edersee im nordhessischen Landkreis Waldeck-Frankenberg ist ein 57,38 km\u00b2 gro\u00dfer und s\u00fcdlich des Edersees gelegener Nationalpark im Nordteil des Mittelgebirges Kellerwald. Seit dem 25. Juni 2011 ist das Buchenwald-Gebiet des Nationalparks Teil der UNESCO-Weltnaturerbest\u00e4tte Buchenurw\u00e4lder und Alte Buchenw\u00e4lder der Karpaten und anderer Regionen Europas. Die Nationalparkverwaltung befindet sich im \u00f6stlich des Parks gelegenen Bad Wildungen.<\/p>\n<p>Der Nationalpark Kellerwald-Edersee, der im westlichen Teil Nordhessens etwa 40 km (Luftlinie) s\u00fcdwestlich von Kassel liegt, umfasst den n\u00f6rdlichen Teil des Kellerwaldes. Sein Gebiet ist ungef\u00e4hr deckungsgleich mit der Bergregion der Ederh\u00f6hen, die sich unter anderem s\u00fcdlich des Edersees ausbreitet. Der Park, der in seinen Grenzen unbesiedelt ist, befindet sich innerhalb der Grenzen des Naturparks Kellerwald-Edersee.<\/p>\n<p>Der Nationalpark liegt s\u00fcdlich des Edersees zwischen den St\u00e4dten und Gemeinden Waldeck (Nordosten), Edertal (Osten), Bad Wildungen (Osts\u00fcdosten), Frankenau (S\u00fcds\u00fcdwesten) und V\u00f6hl (Nordwesten), deren Gebiete in den Park reichen. Etwas entfernt befinden sich die St\u00e4dte Korbach (Nordwesten), Naumburg (Nordosten), Fritzlar (Osten) und Frankenberg (S\u00fcdwesten). Der Park bildet ein Gebiet zwischen den folgenden Ortschaften (im Uhrzeigersinn, beginnend im Norden): Bringhausen, Rehbach, Hemfurth-Edersee, Affoldern, Mehlen, Giflitz, Kleinern, Gellershausen (alle zu Edertal), Frebershausen (zu Bad Wildungen), Frankenau, Altenlotheim (zu Frankenau), Schmittlotheim und Kirchlotheim, Harbshausen und Asel-S\u00fcd (alle zu V\u00f6hl).<\/p>\n<p>Im Westen, Norden und Osten grenzt der Nationalpark an das Tal der Eder, in dem der Edersee und der Affolderner See liegen, im S\u00fcdosten und S\u00fcden an jenes des Wesebachs und im S\u00fcdwesten und Westen neben dem Edertal an das Tal der Lorfe.<\/p>\n<p>Etwas nordnord\u00f6stlich des Nationalparks liegt im Norden des Naturparks Kellerwald-Edersee oberhalb des Edersee-S\u00fcdufers der Wildpark Edersee mit der Greifenwarte Wildpark Edersee und dem Kellerwald-Informationszentrum Fagutop. (Quelle: <a href=\"https:\/\/de.wikipedia.org\/wiki\/Nationalpark_Kellerwald-Edersee\" target=\"_blank\" rel=\"noopener noreferrer\">Wikipedia<\/a>)<\/p>\n<div id=\"footable_parent_3874\"\n         class=\" footable_parent ninja_table_wrapper loading_ninja_table wp_table_data_press_parent semantic_ui \">\n                <table data-ninja_table_instance=\"ninja_table_instance_0\" data-footable_id=\"3874\" data-filter-delay=\"1000\" aria-label=\"Rest-DE-kopie\"            id=\"footable_3874\"\n           data-unique_identifier=\"ninja_table_unique_id_2186976169_3874\"\n           class=\" foo-table ninja_footable foo_table_3874 ninja_table_unique_id_2186976169_3874 ui table  ninja_has_count_format ninja_search_right nt_type_ajax_table selectable striped vertical_centered  footable-paging-right ninja_table_pro ninja_table_afd_columns ninja_table_afcs_columns_2 ninja_table_afcl_new_line ninja_table_has_custom_filter\">\n                <colgroup>\n                            <col class=\"ninja_column_0 \">\n                            <col class=\"ninja_column_1 \">\n                            <col class=\"ninja_column_2 \">\n                            <col class=\"ninja_column_3 \">\n                            <col class=\"ninja_column_4 \">\n                            <col class=\"ninja_column_5 \">\n                            <col class=\"ninja_column_6 \">\n                            <col class=\"ninja_column_7 xs sm md lg\">\n                            <col class=\"ninja_column_8 \">\n                            <col class=\"ninja_column_9 xs sm md lg\">\n                            <col class=\"ninja_column_10 \">\n                            <col class=\"ninja_column_11 \">\n                            <col class=\"ninja_column_12 xs sm md lg\">\n                            <col class=\"ninja_column_13 xs sm md lg\">\n                    <\/colgroup>\n            <\/table>\n    \n    \n    \n<\/div>\n\n","protected":false},"excerpt":{"rendered":"<p>Der Nationalpark Kellerwald-Edersee im nordhessischen Landkreis Waldeck-Frankenberg ist ein 57,38 km\u00b2 gro\u00dfer und s\u00fcdlich des Edersees gelegener Nationalpark im Nordteil<\/p>\n","protected":false},"author":1,"featured_media":0,"parent":151,"menu_order":0,"comment_status":"closed","ping_status":"closed","template":"","meta":{"footnotes":""},"class_list":["post-1644","page","type-page","status-publish","hentry"],"yoast_head":"<!-- This site is optimized with the Yoast SEO plugin v25.6 - https:\/\/yoast.com\/wordpress\/plugins\/seo\/ -->\n<title>Kellerwald-Edersee - Gourmet Classic<\/title>\n<meta name=\"robots\" content=\"index, follow, max-snippet:-1, max-image-preview:large, max-video-preview:-1\" \/>\n<link rel=\"canonical\" href=\"https:\/\/www.gourmetclassic.de\/home\/regionen\/regionen-in-deutschland\/kellerwald-edersee\/\" \/>\n<meta property=\"og:locale\" content=\"de_DE\" \/>\n<meta property=\"og:type\" content=\"article\" \/>\n<meta property=\"og:title\" content=\"Kellerwald-Edersee - Gourmet Classic\" \/>\n<meta property=\"og:description\" content=\"Der Nationalpark Kellerwald-Edersee im nordhessischen Landkreis Waldeck-Frankenberg ist ein 57,38 km\u00b2 gro\u00dfer und s\u00fcdlich des Edersees gelegener Nationalpark im Nordteil\" \/>\n<meta property=\"og:url\" content=\"https:\/\/www.gourmetclassic.de\/home\/regionen\/regionen-in-deutschland\/kellerwald-edersee\/\" \/>\n<meta property=\"og:site_name\" content=\"Gourmet Classic\" \/>\n<meta property=\"article:modified_time\" content=\"2024-01-30T13:43:57+00:00\" \/>\n<meta property=\"og:image\" content=\"https:\/\/www.gourmetclassic.de\/wp-content\/uploads\/2020\/05\/kellerwald-edersee.jpg\" \/>\n<meta name=\"twitter:card\" content=\"summary_large_image\" \/>\n<meta name=\"twitter:label1\" content=\"Gesch\u00e4tzte Lesezeit\" \/>\n\t<meta name=\"twitter:data1\" content=\"2\u00a0Minuten\" \/>\n<script type=\"application\/ld+json\" class=\"yoast-schema-graph\">{\"@context\":\"https:\/\/schema.org\",\"@graph\":[{\"@type\":\"WebPage\",\"@id\":\"https:\/\/www.gourmetclassic.de\/home\/regionen\/regionen-in-deutschland\/kellerwald-edersee\/\",\"url\":\"https:\/\/www.gourmetclassic.de\/home\/regionen\/regionen-in-deutschland\/kellerwald-edersee\/\",\"name\":\"Kellerwald-Edersee - Gourmet Classic\",\"isPartOf\":{\"@id\":\"https:\/\/www.gourmetclassic.de\/home\/#website\"},\"primaryImageOfPage\":{\"@id\":\"https:\/\/www.gourmetclassic.de\/home\/regionen\/regionen-in-deutschland\/kellerwald-edersee\/#primaryimage\"},\"image\":{\"@id\":\"https:\/\/www.gourmetclassic.de\/home\/regionen\/regionen-in-deutschland\/kellerwald-edersee\/#primaryimage\"},\"thumbnailUrl\":\"https:\/\/www.gourmetclassic.de\/wp-content\/uploads\/2020\/05\/kellerwald-edersee.jpg\",\"datePublished\":\"2020-05-28T19:53:45+00:00\",\"dateModified\":\"2024-01-30T13:43:57+00:00\",\"breadcrumb\":{\"@id\":\"https:\/\/www.gourmetclassic.de\/home\/regionen\/regionen-in-deutschland\/kellerwald-edersee\/#breadcrumb\"},\"inLanguage\":\"de\",\"potentialAction\":[{\"@type\":\"ReadAction\",\"target\":[\"https:\/\/www.gourmetclassic.de\/home\/regionen\/regionen-in-deutschland\/kellerwald-edersee\/\"]}]},{\"@type\":\"ImageObject\",\"inLanguage\":\"de\",\"@id\":\"https:\/\/www.gourmetclassic.de\/home\/regionen\/regionen-in-deutschland\/kellerwald-edersee\/#primaryimage\",\"url\":\"https:\/\/www.gourmetclassic.de\/wp-content\/uploads\/2020\/05\/kellerwald-edersee.jpg\",\"contentUrl\":\"https:\/\/www.gourmetclassic.de\/wp-content\/uploads\/2020\/05\/kellerwald-edersee.jpg\"},{\"@type\":\"BreadcrumbList\",\"@id\":\"https:\/\/www.gourmetclassic.de\/home\/regionen\/regionen-in-deutschland\/kellerwald-edersee\/#breadcrumb\",\"itemListElement\":[{\"@type\":\"ListItem\",\"position\":1,\"name\":\"Startseite\",\"item\":\"https:\/\/www.gourmetclassic.de\/home\/\"},{\"@type\":\"ListItem\",\"position\":2,\"name\":\"Suche nach Restaurants\/Hotels in Regionen\",\"item\":\"https:\/\/www.gourmetclassic.de\/home\/regionen\/\"},{\"@type\":\"ListItem\",\"position\":3,\"name\":\"Regionen in Deutschland\",\"item\":\"https:\/\/www.gourmetclassic.de\/home\/regionen\/regionen-in-deutschland\/\"},{\"@type\":\"ListItem\",\"position\":4,\"name\":\"Kellerwald-Edersee\"}]},{\"@type\":\"WebSite\",\"@id\":\"https:\/\/www.gourmetclassic.de\/home\/#website\",\"url\":\"https:\/\/www.gourmetclassic.de\/home\/\",\"name\":\"Gourmet Classic\",\"description\":\"Portal der gehobenen Gastlichkeit\",\"publisher\":{\"@id\":\"https:\/\/www.gourmetclassic.de\/home\/#organization\"},\"potentialAction\":[{\"@type\":\"SearchAction\",\"target\":{\"@type\":\"EntryPoint\",\"urlTemplate\":\"https:\/\/www.gourmetclassic.de\/home\/?s={search_term_string}\"},\"query-input\":{\"@type\":\"PropertyValueSpecification\",\"valueRequired\":true,\"valueName\":\"search_term_string\"}}],\"inLanguage\":\"de\"},{\"@type\":\"Organization\",\"@id\":\"https:\/\/www.gourmetclassic.de\/home\/#organization\",\"name\":\"Gourmet Classic\",\"url\":\"https:\/\/www.gourmetclassic.de\/home\/\",\"logo\":{\"@type\":\"ImageObject\",\"inLanguage\":\"de\",\"@id\":\"https:\/\/www.gourmetclassic.de\/home\/#\/schema\/logo\/image\/\",\"url\":\"https:\/\/www.gourmetclassic.de\/wp-content\/uploads\/2019\/04\/gourmet-classic-logo.jpg\",\"contentUrl\":\"https:\/\/www.gourmetclassic.de\/wp-content\/uploads\/2019\/04\/gourmet-classic-logo.jpg\",\"width\":253,\"height\":123,\"caption\":\"Gourmet Classic\"},\"image\":{\"@id\":\"https:\/\/www.gourmetclassic.de\/home\/#\/schema\/logo\/image\/\"}}]}<\/script>\n<!-- \/ Yoast SEO plugin. -->","yoast_head_json":{"title":"Kellerwald-Edersee - Gourmet Classic","robots":{"index":"index","follow":"follow","max-snippet":"max-snippet:-1","max-image-preview":"max-image-preview:large","max-video-preview":"max-video-preview:-1"},"canonical":"https:\/\/www.gourmetclassic.de\/home\/regionen\/regionen-in-deutschland\/kellerwald-edersee\/","og_locale":"de_DE","og_type":"article","og_title":"Kellerwald-Edersee - Gourmet Classic","og_description":"Der Nationalpark Kellerwald-Edersee im nordhessischen Landkreis Waldeck-Frankenberg ist ein 57,38 km\u00b2 gro\u00dfer und s\u00fcdlich des Edersees gelegener Nationalpark im Nordteil","og_url":"https:\/\/www.gourmetclassic.de\/home\/regionen\/regionen-in-deutschland\/kellerwald-edersee\/","og_site_name":"Gourmet Classic","article_modified_time":"2024-01-30T13:43:57+00:00","og_image":[{"url":"https:\/\/www.gourmetclassic.de\/wp-content\/uploads\/2020\/05\/kellerwald-edersee.jpg","type":"","width":"","height":""}],"twitter_card":"summary_large_image","twitter_misc":{"Gesch\u00e4tzte Lesezeit":"2\u00a0Minuten"},"schema":{"@context":"https:\/\/schema.org","@graph":[{"@type":"WebPage","@id":"https:\/\/www.gourmetclassic.de\/home\/regionen\/regionen-in-deutschland\/kellerwald-edersee\/","url":"https:\/\/www.gourmetclassic.de\/home\/regionen\/regionen-in-deutschland\/kellerwald-edersee\/","name":"Kellerwald-Edersee - Gourmet Classic","isPartOf":{"@id":"https:\/\/www.gourmetclassic.de\/home\/#website"},"primaryImageOfPage":{"@id":"https:\/\/www.gourmetclassic.de\/home\/regionen\/regionen-in-deutschland\/kellerwald-edersee\/#primaryimage"},"image":{"@id":"https:\/\/www.gourmetclassic.de\/home\/regionen\/regionen-in-deutschland\/kellerwald-edersee\/#primaryimage"},"thumbnailUrl":"https:\/\/www.gourmetclassic.de\/wp-content\/uploads\/2020\/05\/kellerwald-edersee.jpg","datePublished":"2020-05-28T19:53:45+00:00","dateModified":"2024-01-30T13:43:57+00:00","breadcrumb":{"@id":"https:\/\/www.gourmetclassic.de\/home\/regionen\/regionen-in-deutschland\/kellerwald-edersee\/#breadcrumb"},"inLanguage":"de","potentialAction":[{"@type":"ReadAction","target":["https:\/\/www.gourmetclassic.de\/home\/regionen\/regionen-in-deutschland\/kellerwald-edersee\/"]}]},{"@type":"ImageObject","inLanguage":"de","@id":"https:\/\/www.gourmetclassic.de\/home\/regionen\/regionen-in-deutschland\/kellerwald-edersee\/#primaryimage","url":"https:\/\/www.gourmetclassic.de\/wp-content\/uploads\/2020\/05\/kellerwald-edersee.jpg","contentUrl":"https:\/\/www.gourmetclassic.de\/wp-content\/uploads\/2020\/05\/kellerwald-edersee.jpg"},{"@type":"BreadcrumbList","@id":"https:\/\/www.gourmetclassic.de\/home\/regionen\/regionen-in-deutschland\/kellerwald-edersee\/#breadcrumb","itemListElement":[{"@type":"ListItem","position":1,"name":"Startseite","item":"https:\/\/www.gourmetclassic.de\/home\/"},{"@type":"ListItem","position":2,"name":"Suche nach Restaurants\/Hotels in Regionen","item":"https:\/\/www.gourmetclassic.de\/home\/regionen\/"},{"@type":"ListItem","position":3,"name":"Regionen in Deutschland","item":"https:\/\/www.gourmetclassic.de\/home\/regionen\/regionen-in-deutschland\/"},{"@type":"ListItem","position":4,"name":"Kellerwald-Edersee"}]},{"@type":"WebSite","@id":"https:\/\/www.gourmetclassic.de\/home\/#website","url":"https:\/\/www.gourmetclassic.de\/home\/","name":"Gourmet Classic","description":"Portal der gehobenen Gastlichkeit","publisher":{"@id":"https:\/\/www.gourmetclassic.de\/home\/#organization"},"potentialAction":[{"@type":"SearchAction","target":{"@type":"EntryPoint","urlTemplate":"https:\/\/www.gourmetclassic.de\/home\/?s={search_term_string}"},"query-input":{"@type":"PropertyValueSpecification","valueRequired":true,"valueName":"search_term_string"}}],"inLanguage":"de"},{"@type":"Organization","@id":"https:\/\/www.gourmetclassic.de\/home\/#organization","name":"Gourmet Classic","url":"https:\/\/www.gourmetclassic.de\/home\/","logo":{"@type":"ImageObject","inLanguage":"de","@id":"https:\/\/www.gourmetclassic.de\/home\/#\/schema\/logo\/image\/","url":"https:\/\/www.gourmetclassic.de\/wp-content\/uploads\/2019\/04\/gourmet-classic-logo.jpg","contentUrl":"https:\/\/www.gourmetclassic.de\/wp-content\/uploads\/2019\/04\/gourmet-classic-logo.jpg","width":253,"height":123,"caption":"Gourmet Classic"},"image":{"@id":"https:\/\/www.gourmetclassic.de\/home\/#\/schema\/logo\/image\/"}}]}},"_links":{"self":[{"href":"https:\/\/www.gourmetclassic.de\/home\/wp-json\/wp\/v2\/pages\/1644"}],"collection":[{"href":"https:\/\/www.gourmetclassic.de\/home\/wp-json\/wp\/v2\/pages"}],"about":[{"href":"https:\/\/www.gourmetclassic.de\/home\/wp-json\/wp\/v2\/types\/page"}],"author":[{"embeddable":true,"href":"https:\/\/www.gourmetclassic.de\/home\/wp-json\/wp\/v2\/users\/1"}],"replies":[{"embeddable":true,"href":"https:\/\/www.gourmetclassic.de\/home\/wp-json\/wp\/v2\/comments?post=1644"}],"version-history":[{"count":4,"href":"https:\/\/www.gourmetclassic.de\/home\/wp-json\/wp\/v2\/pages\/1644\/revisions"}],"predecessor-version":[{"id":4505,"href":"https:\/\/www.gourmetclassic.de\/home\/wp-json\/wp\/v2\/pages\/1644\/revisions\/4505"}],"up":[{"embeddable":true,"href":"https:\/\/www.gourmetclassic.de\/home\/wp-json\/wp\/v2\/pages\/151"}],"wp:attachment":[{"href":"https:\/\/www.gourmetclassic.de\/home\/wp-json\/wp\/v2\/media?parent=1644"}],"curies":[{"name":"wp","href":"https:\/\/api.w.org\/{rel}","templated":true}]}}