{"id":1762,"date":"2020-06-01T12:42:59","date_gmt":"2020-06-01T10:42:59","guid":{"rendered":"https:\/\/www.gourmetclassic.de\/home\/?page_id=1762"},"modified":"2024-01-30T14:49:40","modified_gmt":"2024-01-30T13:49:40","slug":"pfaelzer-wald","status":"publish","type":"page","link":"https:\/\/www.gourmetclassic.de\/home\/regionen\/regionen-in-deutschland\/pfaelzer-wald\/","title":{"rendered":"Pf\u00e4lzer Wald"},"content":{"rendered":"<p><img loading=\"lazy\" decoding=\"async\" class=\"alignnone size-full wp-image-1761\" title=\"Pf\u00e4lzer Wald - Burg Trifels\" src=\"https:\/\/www.gourmetclassic.de\/wp-content\/uploads\/2020\/06\/pfaelzer-wald-trifels.jpg\" alt=\"Pf\u00e4lzer Wald - Burg Trifels\" width=\"1920\" height=\"800\" srcset=\"https:\/\/www.gourmetclassic.de\/wp-content\/uploads\/2020\/06\/pfaelzer-wald-trifels.jpg 1920w, https:\/\/www.gourmetclassic.de\/wp-content\/uploads\/2020\/06\/pfaelzer-wald-trifels-768x320.jpg 768w, https:\/\/www.gourmetclassic.de\/wp-content\/uploads\/2020\/06\/pfaelzer-wald-trifels-1536x640.jpg 1536w\" sizes=\"(max-width: 1920px) 100vw, 1920px\" \/><\/p>\n<p><img loading=\"lazy\" decoding=\"async\" class=\"size-full wp-image-1468 alignleft\" title=\"Pf\u00e4lzerwald\" src=\"https:\/\/www.gourmetclassic.de\/wp-content\/uploads\/2020\/05\/pfaelzerwald_400.png\" alt=\"Pf\u00e4lzerwald\" width=\"400\" height=\"400\" \/>Die Mittelgebirgslandschaft Pf\u00e4lzerwald (so die amtliche Schreibweise, h\u00e4ufig auch Pf\u00e4lzer Wald, in naturr\u00e4umlichen Gliederungen auch Haardtgebirge) im Bundesland Rheinland-Pfalz ist eines der gr\u00f6\u00dften zusammenh\u00e4ngenden Waldgebiete Deutschlands. Seine Ausdehnung betr\u00e4gt, je nach naturr\u00e4umlicher Abgrenzung, 1589,4 km\u00b2 entsprechend 158.940 Hektar oder 1771 km\u00b2 entsprechend 177.100 Hektar, wobei 82 bis 90 Prozent der Fl\u00e4che von Wald bedeckt sind. Damit nimmt er ein gutes Drittel der gesamten Pfalz ein, deren zentrale Landschaft er darstellt und von der er seinen Namen hat. Nur 30 Prozent kleiner ist die s\u00fcdliche Fortsetzung des Naturraums auf franz\u00f6sischem Boden, die hier Nordvogesen (frz. Vosges du Nord) genannt wird. Sie zieht sich bis zur Zaberner Steige und wird dort durch die Vogesen im engeren Sinne abgel\u00f6st.<\/p>\n<p>Der mit 179.800 Hektar etwas gr\u00f6\u00dfere Naturpark Pf\u00e4lzerwald umfasst zus\u00e4tzlich den Landstrich zwischen Haardtrand und Deutscher Weinstra\u00dfe im Osten sowie die T\u00e4ler von Eckbach und Eisbach im Nordosten. Das Biosph\u00e4renreservat Pf\u00e4lzerwald-Vosges du Nord, das auch die franz\u00f6sische Fortsetzung umfasst, hat eine Fl\u00e4che von 310.500 Hektar. (Quelle: <a href=\"https:\/\/de.wikipedia.org\/wiki\/Pf\u00e4lzerwald\" target=\"_blank\" rel=\"noopener noreferrer\">Wikipedia<\/a>)<\/p>\n<div id=\"footable_parent_3874\"\n         class=\" footable_parent ninja_table_wrapper loading_ninja_table wp_table_data_press_parent semantic_ui \">\n                <table data-ninja_table_instance=\"ninja_table_instance_0\" data-footable_id=\"3874\" data-filter-delay=\"1000\" aria-label=\"Rest-DE-kopie\"            id=\"footable_3874\"\n           data-unique_identifier=\"ninja_table_unique_id_176408771_3874\"\n           class=\" foo-table ninja_footable foo_table_3874 ninja_table_unique_id_176408771_3874 ui table  ninja_has_count_format ninja_search_right nt_type_ajax_table selectable striped vertical_centered  footable-paging-right ninja_table_pro ninja_table_afd_columns ninja_table_afcs_columns_2 ninja_table_afcl_new_line ninja_table_has_custom_filter\">\n                <colgroup>\n                            <col class=\"ninja_column_0 \">\n                            <col class=\"ninja_column_1 \">\n                            <col class=\"ninja_column_2 \">\n                            <col class=\"ninja_column_3 \">\n                            <col class=\"ninja_column_4 \">\n                            <col class=\"ninja_column_5 \">\n                            <col class=\"ninja_column_6 \">\n                            <col class=\"ninja_column_7 xs sm md lg\">\n                            <col class=\"ninja_column_8 \">\n                            <col class=\"ninja_column_9 xs sm md lg\">\n                            <col class=\"ninja_column_10 \">\n                            <col class=\"ninja_column_11 \">\n                            <col class=\"ninja_column_12 xs sm md lg\">\n                            <col class=\"ninja_column_13 xs sm md lg\">\n                    <\/colgroup>\n            <\/table>\n    \n    \n    \n<\/div>\n\n","protected":false},"excerpt":{"rendered":"<p>Die Mittelgebirgslandschaft Pf\u00e4lzerwald (so die amtliche Schreibweise, h\u00e4ufig auch Pf\u00e4lzer Wald, in naturr\u00e4umlichen Gliederungen auch Haardtgebirge) im Bundesland Rheinland-Pfalz ist<\/p>\n","protected":false},"author":1,"featured_media":0,"parent":151,"menu_order":0,"comment_status":"closed","ping_status":"closed","template":"","meta":{"footnotes":""},"class_list":["post-1762","page","type-page","status-publish","hentry"],"yoast_head":"<!-- This site is optimized with the Yoast SEO plugin v25.6 - https:\/\/yoast.com\/wordpress\/plugins\/seo\/ -->\n<title>Pf\u00e4lzer Wald - Gourmet Classic<\/title>\n<meta name=\"robots\" content=\"index, follow, max-snippet:-1, max-image-preview:large, max-video-preview:-1\" \/>\n<link rel=\"canonical\" href=\"https:\/\/www.gourmetclassic.de\/home\/regionen\/regionen-in-deutschland\/pfaelzer-wald\/\" \/>\n<meta property=\"og:locale\" content=\"de_DE\" \/>\n<meta property=\"og:type\" content=\"article\" \/>\n<meta property=\"og:title\" content=\"Pf\u00e4lzer Wald - Gourmet Classic\" \/>\n<meta property=\"og:description\" content=\"Die Mittelgebirgslandschaft Pf\u00e4lzerwald (so die amtliche Schreibweise, h\u00e4ufig auch Pf\u00e4lzer Wald, in naturr\u00e4umlichen Gliederungen auch Haardtgebirge) im Bundesland Rheinland-Pfalz ist\" \/>\n<meta property=\"og:url\" content=\"https:\/\/www.gourmetclassic.de\/home\/regionen\/regionen-in-deutschland\/pfaelzer-wald\/\" \/>\n<meta property=\"og:site_name\" content=\"Gourmet Classic\" \/>\n<meta property=\"article:modified_time\" content=\"2024-01-30T13:49:40+00:00\" \/>\n<meta property=\"og:image\" content=\"https:\/\/www.gourmetclassic.de\/wp-content\/uploads\/2020\/06\/pfaelzer-wald-trifels.jpg\" \/>\n<meta name=\"twitter:card\" content=\"summary_large_image\" \/>\n<meta name=\"twitter:label1\" content=\"Gesch\u00e4tzte Lesezeit\" \/>\n\t<meta name=\"twitter:data1\" content=\"2\u00a0Minuten\" \/>\n<script type=\"application\/ld+json\" class=\"yoast-schema-graph\">{\"@context\":\"https:\/\/schema.org\",\"@graph\":[{\"@type\":\"WebPage\",\"@id\":\"https:\/\/www.gourmetclassic.de\/home\/regionen\/regionen-in-deutschland\/pfaelzer-wald\/\",\"url\":\"https:\/\/www.gourmetclassic.de\/home\/regionen\/regionen-in-deutschland\/pfaelzer-wald\/\",\"name\":\"Pf\u00e4lzer Wald - Gourmet Classic\",\"isPartOf\":{\"@id\":\"https:\/\/www.gourmetclassic.de\/home\/#website\"},\"primaryImageOfPage\":{\"@id\":\"https:\/\/www.gourmetclassic.de\/home\/regionen\/regionen-in-deutschland\/pfaelzer-wald\/#primaryimage\"},\"image\":{\"@id\":\"https:\/\/www.gourmetclassic.de\/home\/regionen\/regionen-in-deutschland\/pfaelzer-wald\/#primaryimage\"},\"thumbnailUrl\":\"https:\/\/www.gourmetclassic.de\/wp-content\/uploads\/2020\/06\/pfaelzer-wald-trifels.jpg\",\"datePublished\":\"2020-06-01T10:42:59+00:00\",\"dateModified\":\"2024-01-30T13:49:40+00:00\",\"breadcrumb\":{\"@id\":\"https:\/\/www.gourmetclassic.de\/home\/regionen\/regionen-in-deutschland\/pfaelzer-wald\/#breadcrumb\"},\"inLanguage\":\"de\",\"potentialAction\":[{\"@type\":\"ReadAction\",\"target\":[\"https:\/\/www.gourmetclassic.de\/home\/regionen\/regionen-in-deutschland\/pfaelzer-wald\/\"]}]},{\"@type\":\"ImageObject\",\"inLanguage\":\"de\",\"@id\":\"https:\/\/www.gourmetclassic.de\/home\/regionen\/regionen-in-deutschland\/pfaelzer-wald\/#primaryimage\",\"url\":\"https:\/\/www.gourmetclassic.de\/wp-content\/uploads\/2020\/06\/pfaelzer-wald-trifels.jpg\",\"contentUrl\":\"https:\/\/www.gourmetclassic.de\/wp-content\/uploads\/2020\/06\/pfaelzer-wald-trifels.jpg\"},{\"@type\":\"BreadcrumbList\",\"@id\":\"https:\/\/www.gourmetclassic.de\/home\/regionen\/regionen-in-deutschland\/pfaelzer-wald\/#breadcrumb\",\"itemListElement\":[{\"@type\":\"ListItem\",\"position\":1,\"name\":\"Startseite\",\"item\":\"https:\/\/www.gourmetclassic.de\/home\/\"},{\"@type\":\"ListItem\",\"position\":2,\"name\":\"Suche nach Restaurants\/Hotels in Regionen\",\"item\":\"https:\/\/www.gourmetclassic.de\/home\/regionen\/\"},{\"@type\":\"ListItem\",\"position\":3,\"name\":\"Regionen in Deutschland\",\"item\":\"https:\/\/www.gourmetclassic.de\/home\/regionen\/regionen-in-deutschland\/\"},{\"@type\":\"ListItem\",\"position\":4,\"name\":\"Pf\u00e4lzer Wald\"}]},{\"@type\":\"WebSite\",\"@id\":\"https:\/\/www.gourmetclassic.de\/home\/#website\",\"url\":\"https:\/\/www.gourmetclassic.de\/home\/\",\"name\":\"Gourmet Classic\",\"description\":\"Portal der gehobenen Gastlichkeit\",\"publisher\":{\"@id\":\"https:\/\/www.gourmetclassic.de\/home\/#organization\"},\"potentialAction\":[{\"@type\":\"SearchAction\",\"target\":{\"@type\":\"EntryPoint\",\"urlTemplate\":\"https:\/\/www.gourmetclassic.de\/home\/?s={search_term_string}\"},\"query-input\":{\"@type\":\"PropertyValueSpecification\",\"valueRequired\":true,\"valueName\":\"search_term_string\"}}],\"inLanguage\":\"de\"},{\"@type\":\"Organization\",\"@id\":\"https:\/\/www.gourmetclassic.de\/home\/#organization\",\"name\":\"Gourmet Classic\",\"url\":\"https:\/\/www.gourmetclassic.de\/home\/\",\"logo\":{\"@type\":\"ImageObject\",\"inLanguage\":\"de\",\"@id\":\"https:\/\/www.gourmetclassic.de\/home\/#\/schema\/logo\/image\/\",\"url\":\"https:\/\/www.gourmetclassic.de\/wp-content\/uploads\/2019\/04\/gourmet-classic-logo.jpg\",\"contentUrl\":\"https:\/\/www.gourmetclassic.de\/wp-content\/uploads\/2019\/04\/gourmet-classic-logo.jpg\",\"width\":253,\"height\":123,\"caption\":\"Gourmet Classic\"},\"image\":{\"@id\":\"https:\/\/www.gourmetclassic.de\/home\/#\/schema\/logo\/image\/\"}}]}<\/script>\n<!-- \/ Yoast SEO plugin. -->","yoast_head_json":{"title":"Pf\u00e4lzer Wald - Gourmet Classic","robots":{"index":"index","follow":"follow","max-snippet":"max-snippet:-1","max-image-preview":"max-image-preview:large","max-video-preview":"max-video-preview:-1"},"canonical":"https:\/\/www.gourmetclassic.de\/home\/regionen\/regionen-in-deutschland\/pfaelzer-wald\/","og_locale":"de_DE","og_type":"article","og_title":"Pf\u00e4lzer Wald - Gourmet Classic","og_description":"Die Mittelgebirgslandschaft Pf\u00e4lzerwald (so die amtliche Schreibweise, h\u00e4ufig auch Pf\u00e4lzer Wald, in naturr\u00e4umlichen Gliederungen auch Haardtgebirge) im Bundesland Rheinland-Pfalz ist","og_url":"https:\/\/www.gourmetclassic.de\/home\/regionen\/regionen-in-deutschland\/pfaelzer-wald\/","og_site_name":"Gourmet Classic","article_modified_time":"2024-01-30T13:49:40+00:00","og_image":[{"url":"https:\/\/www.gourmetclassic.de\/wp-content\/uploads\/2020\/06\/pfaelzer-wald-trifels.jpg","type":"","width":"","height":""}],"twitter_card":"summary_large_image","twitter_misc":{"Gesch\u00e4tzte Lesezeit":"2\u00a0Minuten"},"schema":{"@context":"https:\/\/schema.org","@graph":[{"@type":"WebPage","@id":"https:\/\/www.gourmetclassic.de\/home\/regionen\/regionen-in-deutschland\/pfaelzer-wald\/","url":"https:\/\/www.gourmetclassic.de\/home\/regionen\/regionen-in-deutschland\/pfaelzer-wald\/","name":"Pf\u00e4lzer Wald - Gourmet Classic","isPartOf":{"@id":"https:\/\/www.gourmetclassic.de\/home\/#website"},"primaryImageOfPage":{"@id":"https:\/\/www.gourmetclassic.de\/home\/regionen\/regionen-in-deutschland\/pfaelzer-wald\/#primaryimage"},"image":{"@id":"https:\/\/www.gourmetclassic.de\/home\/regionen\/regionen-in-deutschland\/pfaelzer-wald\/#primaryimage"},"thumbnailUrl":"https:\/\/www.gourmetclassic.de\/wp-content\/uploads\/2020\/06\/pfaelzer-wald-trifels.jpg","datePublished":"2020-06-01T10:42:59+00:00","dateModified":"2024-01-30T13:49:40+00:00","breadcrumb":{"@id":"https:\/\/www.gourmetclassic.de\/home\/regionen\/regionen-in-deutschland\/pfaelzer-wald\/#breadcrumb"},"inLanguage":"de","potentialAction":[{"@type":"ReadAction","target":["https:\/\/www.gourmetclassic.de\/home\/regionen\/regionen-in-deutschland\/pfaelzer-wald\/"]}]},{"@type":"ImageObject","inLanguage":"de","@id":"https:\/\/www.gourmetclassic.de\/home\/regionen\/regionen-in-deutschland\/pfaelzer-wald\/#primaryimage","url":"https:\/\/www.gourmetclassic.de\/wp-content\/uploads\/2020\/06\/pfaelzer-wald-trifels.jpg","contentUrl":"https:\/\/www.gourmetclassic.de\/wp-content\/uploads\/2020\/06\/pfaelzer-wald-trifels.jpg"},{"@type":"BreadcrumbList","@id":"https:\/\/www.gourmetclassic.de\/home\/regionen\/regionen-in-deutschland\/pfaelzer-wald\/#breadcrumb","itemListElement":[{"@type":"ListItem","position":1,"name":"Startseite","item":"https:\/\/www.gourmetclassic.de\/home\/"},{"@type":"ListItem","position":2,"name":"Suche nach Restaurants\/Hotels in Regionen","item":"https:\/\/www.gourmetclassic.de\/home\/regionen\/"},{"@type":"ListItem","position":3,"name":"Regionen in Deutschland","item":"https:\/\/www.gourmetclassic.de\/home\/regionen\/regionen-in-deutschland\/"},{"@type":"ListItem","position":4,"name":"Pf\u00e4lzer Wald"}]},{"@type":"WebSite","@id":"https:\/\/www.gourmetclassic.de\/home\/#website","url":"https:\/\/www.gourmetclassic.de\/home\/","name":"Gourmet Classic","description":"Portal der gehobenen Gastlichkeit","publisher":{"@id":"https:\/\/www.gourmetclassic.de\/home\/#organization"},"potentialAction":[{"@type":"SearchAction","target":{"@type":"EntryPoint","urlTemplate":"https:\/\/www.gourmetclassic.de\/home\/?s={search_term_string}"},"query-input":{"@type":"PropertyValueSpecification","valueRequired":true,"valueName":"search_term_string"}}],"inLanguage":"de"},{"@type":"Organization","@id":"https:\/\/www.gourmetclassic.de\/home\/#organization","name":"Gourmet Classic","url":"https:\/\/www.gourmetclassic.de\/home\/","logo":{"@type":"ImageObject","inLanguage":"de","@id":"https:\/\/www.gourmetclassic.de\/home\/#\/schema\/logo\/image\/","url":"https:\/\/www.gourmetclassic.de\/wp-content\/uploads\/2019\/04\/gourmet-classic-logo.jpg","contentUrl":"https:\/\/www.gourmetclassic.de\/wp-content\/uploads\/2019\/04\/gourmet-classic-logo.jpg","width":253,"height":123,"caption":"Gourmet Classic"},"image":{"@id":"https:\/\/www.gourmetclassic.de\/home\/#\/schema\/logo\/image\/"}}]}},"_links":{"self":[{"href":"https:\/\/www.gourmetclassic.de\/home\/wp-json\/wp\/v2\/pages\/1762"}],"collection":[{"href":"https:\/\/www.gourmetclassic.de\/home\/wp-json\/wp\/v2\/pages"}],"about":[{"href":"https:\/\/www.gourmetclassic.de\/home\/wp-json\/wp\/v2\/types\/page"}],"author":[{"embeddable":true,"href":"https:\/\/www.gourmetclassic.de\/home\/wp-json\/wp\/v2\/users\/1"}],"replies":[{"embeddable":true,"href":"https:\/\/www.gourmetclassic.de\/home\/wp-json\/wp\/v2\/comments?post=1762"}],"version-history":[{"count":5,"href":"https:\/\/www.gourmetclassic.de\/home\/wp-json\/wp\/v2\/pages\/1762\/revisions"}],"predecessor-version":[{"id":4529,"href":"https:\/\/www.gourmetclassic.de\/home\/wp-json\/wp\/v2\/pages\/1762\/revisions\/4529"}],"up":[{"embeddable":true,"href":"https:\/\/www.gourmetclassic.de\/home\/wp-json\/wp\/v2\/pages\/151"}],"wp:attachment":[{"href":"https:\/\/www.gourmetclassic.de\/home\/wp-json\/wp\/v2\/media?parent=1762"}],"curies":[{"name":"wp","href":"https:\/\/api.w.org\/{rel}","templated":true}]}}