{"id":1933,"date":"2020-06-04T22:51:03","date_gmt":"2020-06-04T20:51:03","guid":{"rendered":"https:\/\/www.gourmetclassic.de\/home\/?page_id=1933"},"modified":"2020-06-08T10:58:56","modified_gmt":"2020-06-08T08:58:56","slug":"wallis","status":"publish","type":"page","link":"https:\/\/www.gourmetclassic.de\/home\/regionen\/regionen-in-der-schweiz\/wallis\/","title":{"rendered":"Wallis"},"content":{"rendered":"<p><img loading=\"lazy\" decoding=\"async\" class=\"alignnone size-full wp-image-1936\" title=\"Das Matterhorn bei Zermatt im Wallis\" src=\"https:\/\/www.gourmetclassic.de\/wp-content\/uploads\/2020\/06\/matterhorn-wallis.jpg\" alt=\"Das Matterhorn bei Zermatt im Wallis\" width=\"1920\" height=\"800\" srcset=\"https:\/\/www.gourmetclassic.de\/wp-content\/uploads\/2020\/06\/matterhorn-wallis.jpg 1920w, https:\/\/www.gourmetclassic.de\/wp-content\/uploads\/2020\/06\/matterhorn-wallis-768x320.jpg 768w, https:\/\/www.gourmetclassic.de\/wp-content\/uploads\/2020\/06\/matterhorn-wallis-1536x640.jpg 1536w\" sizes=\"(max-width: 1920px) 100vw, 1920px\" \/><\/p>\n<p><img loading=\"lazy\" decoding=\"async\" class=\"size-full wp-image-1938 alignleft\" title=\"Wallis-Valais\" src=\"https:\/\/www.gourmetclassic.de\/wp-content\/uploads\/2020\/06\/wallis-400.png\" alt=\"Wallis-Valais\" width=\"400\" height=\"400\" \/>Das Wallis, amtlich Kanton Wallis oder Staat Wallis beziehungsweise Canton du Valais oder \u00c9tat du Valais, ist ein Kanton im S\u00fcdwesten der Schweiz. Der westliche Teil des Kantons hat eine franz\u00f6sischsprachige (teilweise auch noch frankoprovenzalischsprachige), der \u00f6stliche Teil eine deutschsprachige Bev\u00f6lkerung. Entsprechend geh\u00f6rt er sowohl zur Romandie als auch zur Deutschschweiz. Der Hauptort ist Sitten (Sion). Das Wallis ist von der Fl\u00e4che her der drittgr\u00f6sste Kanton der Schweiz und liegt vollst\u00e4ndig im Gebiet der Alpen.<\/p>\n<p>Das Wallis besteht (mit Ausnahme kleinerer Gebiete jenseits der P\u00e4sse Simplon und Gemmi) aus dem Tal der Rhone (Rotten) vom Rhonegletscher bis zum Genfersee und den Rhone-Seitent\u00e4lern. Im Norden liegen die Berner und Waadtl\u00e4nder Alpen, im S\u00fcden die Walliser Alpen mit den m\u00e4chtigsten und h\u00f6chsten Bergmassiven der Alpen (Monte Rosa, Mischabel und Weisshorngruppe).<\/p>\n<p>Durch den Schutz der umliegenden Berge ist das Haupttal des oberen Wallis, aber auch das Vispertal ausgesprochen trocken und warm mit einem Steppenklima. Die Wasserversorgung wird vielerorts durch Wasserleitungen, sogenannte Suonen oder Bissen, gew\u00e4hrleistet, die in den niederschlagsarmen Zonen im Wallis mindestens bis in die r\u00f6mische Zeit zur\u00fcckreichen. Der tiefste Punkt liegt bei 372 m \u00fc. M. am Genfersee. (Quelle: <a href=\"https:\/\/de.wikipedia.org\/wiki\/Kanton_Wallis\" target=\"_blank\" rel=\"noopener noreferrer\">Wikipedia<\/a>)<\/p>\n<div id=\"footable_parent_1273\"\n         class=\" footable_parent ninja_table_wrapper loading_ninja_table wp_table_data_press_parent semantic_ui \">\n                <table data-ninja_table_instance=\"ninja_table_instance_0\" data-footable_id=\"1273\" data-filter-delay=\"1000\" aria-label=\"Rest-CH\"            id=\"footable_1273\"\n           data-unique_identifier=\"ninja_table_unique_id_3796202627_1273\"\n           class=\" foo-table ninja_footable foo_table_1273 ninja_table_unique_id_3796202627_1273 ui table  ninja_has_count_format nt_type_ajax_table selectable striped vertical_centered  footable-paging-right ninja_table_pro ninja_table_afd_columns ninja_table_afcs_columns_2 ninja_table_afcl_new_line ninja_table_has_custom_filter\">\n                <colgroup>\n                            <col class=\"ninja_column_0 \">\n                            <col class=\"ninja_column_1 \">\n                            <col class=\"ninja_column_2 \">\n                            <col class=\"ninja_column_3 \">\n                            <col class=\"ninja_column_4 \">\n                            <col class=\"ninja_column_5 \">\n                            <col class=\"ninja_column_6 \">\n                            <col class=\"ninja_column_7 xs sm md lg\">\n                            <col class=\"ninja_column_8 xs sm md lg\">\n                            <col class=\"ninja_column_9 \">\n                            <col class=\"ninja_column_10 \">\n                            <col class=\"ninja_column_11 xs sm md lg\">\n                            <col class=\"ninja_column_12 xs sm md lg\">\n                    <\/colgroup>\n            <\/table>\n    \n    \n    \n<\/div>\n\n<p>&nbsp;<\/p>\n","protected":false},"excerpt":{"rendered":"<p>Das Wallis, amtlich Kanton Wallis oder Staat Wallis beziehungsweise Canton du Valais oder \u00c9tat du Valais, ist ein Kanton im<\/p>\n","protected":false},"author":1,"featured_media":0,"parent":155,"menu_order":0,"comment_status":"closed","ping_status":"closed","template":"","meta":{"footnotes":""},"class_list":["post-1933","page","type-page","status-publish","hentry"],"yoast_head":"<!-- This site is optimized with the Yoast SEO plugin v25.6 - https:\/\/yoast.com\/wordpress\/plugins\/seo\/ -->\n<title>Wallis - Gourmet Classic<\/title>\n<meta name=\"robots\" content=\"index, follow, max-snippet:-1, max-image-preview:large, max-video-preview:-1\" \/>\n<link rel=\"canonical\" href=\"https:\/\/www.gourmetclassic.de\/home\/regionen\/regionen-in-der-schweiz\/wallis\/\" \/>\n<meta property=\"og:locale\" content=\"de_DE\" \/>\n<meta property=\"og:type\" content=\"article\" \/>\n<meta property=\"og:title\" content=\"Wallis - Gourmet Classic\" \/>\n<meta property=\"og:description\" content=\"Das Wallis, amtlich Kanton Wallis oder Staat Wallis beziehungsweise Canton du Valais oder \u00c9tat du Valais, ist ein Kanton im\" \/>\n<meta property=\"og:url\" content=\"https:\/\/www.gourmetclassic.de\/home\/regionen\/regionen-in-der-schweiz\/wallis\/\" \/>\n<meta property=\"og:site_name\" content=\"Gourmet Classic\" \/>\n<meta property=\"article:modified_time\" content=\"2020-06-08T08:58:56+00:00\" \/>\n<meta property=\"og:image\" content=\"https:\/\/www.gourmetclassic.de\/wp-content\/uploads\/2020\/06\/matterhorn-wallis.jpg\" \/>\n<meta name=\"twitter:card\" content=\"summary_large_image\" \/>\n<meta name=\"twitter:label1\" content=\"Gesch\u00e4tzte Lesezeit\" \/>\n\t<meta name=\"twitter:data1\" content=\"1\u00a0Minute\" \/>\n<script type=\"application\/ld+json\" class=\"yoast-schema-graph\">{\"@context\":\"https:\/\/schema.org\",\"@graph\":[{\"@type\":\"WebPage\",\"@id\":\"https:\/\/www.gourmetclassic.de\/home\/regionen\/regionen-in-der-schweiz\/wallis\/\",\"url\":\"https:\/\/www.gourmetclassic.de\/home\/regionen\/regionen-in-der-schweiz\/wallis\/\",\"name\":\"Wallis - Gourmet Classic\",\"isPartOf\":{\"@id\":\"https:\/\/www.gourmetclassic.de\/home\/#website\"},\"primaryImageOfPage\":{\"@id\":\"https:\/\/www.gourmetclassic.de\/home\/regionen\/regionen-in-der-schweiz\/wallis\/#primaryimage\"},\"image\":{\"@id\":\"https:\/\/www.gourmetclassic.de\/home\/regionen\/regionen-in-der-schweiz\/wallis\/#primaryimage\"},\"thumbnailUrl\":\"https:\/\/www.gourmetclassic.de\/wp-content\/uploads\/2020\/06\/matterhorn-wallis.jpg\",\"datePublished\":\"2020-06-04T20:51:03+00:00\",\"dateModified\":\"2020-06-08T08:58:56+00:00\",\"breadcrumb\":{\"@id\":\"https:\/\/www.gourmetclassic.de\/home\/regionen\/regionen-in-der-schweiz\/wallis\/#breadcrumb\"},\"inLanguage\":\"de\",\"potentialAction\":[{\"@type\":\"ReadAction\",\"target\":[\"https:\/\/www.gourmetclassic.de\/home\/regionen\/regionen-in-der-schweiz\/wallis\/\"]}]},{\"@type\":\"ImageObject\",\"inLanguage\":\"de\",\"@id\":\"https:\/\/www.gourmetclassic.de\/home\/regionen\/regionen-in-der-schweiz\/wallis\/#primaryimage\",\"url\":\"https:\/\/www.gourmetclassic.de\/wp-content\/uploads\/2020\/06\/matterhorn-wallis.jpg\",\"contentUrl\":\"https:\/\/www.gourmetclassic.de\/wp-content\/uploads\/2020\/06\/matterhorn-wallis.jpg\"},{\"@type\":\"BreadcrumbList\",\"@id\":\"https:\/\/www.gourmetclassic.de\/home\/regionen\/regionen-in-der-schweiz\/wallis\/#breadcrumb\",\"itemListElement\":[{\"@type\":\"ListItem\",\"position\":1,\"name\":\"Startseite\",\"item\":\"https:\/\/www.gourmetclassic.de\/home\/\"},{\"@type\":\"ListItem\",\"position\":2,\"name\":\"Suche nach Restaurants\/Hotels in Regionen\",\"item\":\"https:\/\/www.gourmetclassic.de\/home\/regionen\/\"},{\"@type\":\"ListItem\",\"position\":3,\"name\":\"Regionen in der Schweiz\",\"item\":\"https:\/\/www.gourmetclassic.de\/home\/regionen\/regionen-in-der-schweiz\/\"},{\"@type\":\"ListItem\",\"position\":4,\"name\":\"Wallis\"}]},{\"@type\":\"WebSite\",\"@id\":\"https:\/\/www.gourmetclassic.de\/home\/#website\",\"url\":\"https:\/\/www.gourmetclassic.de\/home\/\",\"name\":\"Gourmet Classic\",\"description\":\"Portal der gehobenen Gastlichkeit\",\"publisher\":{\"@id\":\"https:\/\/www.gourmetclassic.de\/home\/#organization\"},\"potentialAction\":[{\"@type\":\"SearchAction\",\"target\":{\"@type\":\"EntryPoint\",\"urlTemplate\":\"https:\/\/www.gourmetclassic.de\/home\/?s={search_term_string}\"},\"query-input\":{\"@type\":\"PropertyValueSpecification\",\"valueRequired\":true,\"valueName\":\"search_term_string\"}}],\"inLanguage\":\"de\"},{\"@type\":\"Organization\",\"@id\":\"https:\/\/www.gourmetclassic.de\/home\/#organization\",\"name\":\"Gourmet Classic\",\"url\":\"https:\/\/www.gourmetclassic.de\/home\/\",\"logo\":{\"@type\":\"ImageObject\",\"inLanguage\":\"de\",\"@id\":\"https:\/\/www.gourmetclassic.de\/home\/#\/schema\/logo\/image\/\",\"url\":\"https:\/\/www.gourmetclassic.de\/wp-content\/uploads\/2019\/04\/gourmet-classic-logo.jpg\",\"contentUrl\":\"https:\/\/www.gourmetclassic.de\/wp-content\/uploads\/2019\/04\/gourmet-classic-logo.jpg\",\"width\":253,\"height\":123,\"caption\":\"Gourmet Classic\"},\"image\":{\"@id\":\"https:\/\/www.gourmetclassic.de\/home\/#\/schema\/logo\/image\/\"}}]}<\/script>\n<!-- \/ Yoast SEO plugin. -->","yoast_head_json":{"title":"Wallis - Gourmet Classic","robots":{"index":"index","follow":"follow","max-snippet":"max-snippet:-1","max-image-preview":"max-image-preview:large","max-video-preview":"max-video-preview:-1"},"canonical":"https:\/\/www.gourmetclassic.de\/home\/regionen\/regionen-in-der-schweiz\/wallis\/","og_locale":"de_DE","og_type":"article","og_title":"Wallis - Gourmet Classic","og_description":"Das Wallis, amtlich Kanton Wallis oder Staat Wallis beziehungsweise Canton du Valais oder \u00c9tat du Valais, ist ein Kanton im","og_url":"https:\/\/www.gourmetclassic.de\/home\/regionen\/regionen-in-der-schweiz\/wallis\/","og_site_name":"Gourmet Classic","article_modified_time":"2020-06-08T08:58:56+00:00","og_image":[{"url":"https:\/\/www.gourmetclassic.de\/wp-content\/uploads\/2020\/06\/matterhorn-wallis.jpg","type":"","width":"","height":""}],"twitter_card":"summary_large_image","twitter_misc":{"Gesch\u00e4tzte Lesezeit":"1\u00a0Minute"},"schema":{"@context":"https:\/\/schema.org","@graph":[{"@type":"WebPage","@id":"https:\/\/www.gourmetclassic.de\/home\/regionen\/regionen-in-der-schweiz\/wallis\/","url":"https:\/\/www.gourmetclassic.de\/home\/regionen\/regionen-in-der-schweiz\/wallis\/","name":"Wallis - Gourmet Classic","isPartOf":{"@id":"https:\/\/www.gourmetclassic.de\/home\/#website"},"primaryImageOfPage":{"@id":"https:\/\/www.gourmetclassic.de\/home\/regionen\/regionen-in-der-schweiz\/wallis\/#primaryimage"},"image":{"@id":"https:\/\/www.gourmetclassic.de\/home\/regionen\/regionen-in-der-schweiz\/wallis\/#primaryimage"},"thumbnailUrl":"https:\/\/www.gourmetclassic.de\/wp-content\/uploads\/2020\/06\/matterhorn-wallis.jpg","datePublished":"2020-06-04T20:51:03+00:00","dateModified":"2020-06-08T08:58:56+00:00","breadcrumb":{"@id":"https:\/\/www.gourmetclassic.de\/home\/regionen\/regionen-in-der-schweiz\/wallis\/#breadcrumb"},"inLanguage":"de","potentialAction":[{"@type":"ReadAction","target":["https:\/\/www.gourmetclassic.de\/home\/regionen\/regionen-in-der-schweiz\/wallis\/"]}]},{"@type":"ImageObject","inLanguage":"de","@id":"https:\/\/www.gourmetclassic.de\/home\/regionen\/regionen-in-der-schweiz\/wallis\/#primaryimage","url":"https:\/\/www.gourmetclassic.de\/wp-content\/uploads\/2020\/06\/matterhorn-wallis.jpg","contentUrl":"https:\/\/www.gourmetclassic.de\/wp-content\/uploads\/2020\/06\/matterhorn-wallis.jpg"},{"@type":"BreadcrumbList","@id":"https:\/\/www.gourmetclassic.de\/home\/regionen\/regionen-in-der-schweiz\/wallis\/#breadcrumb","itemListElement":[{"@type":"ListItem","position":1,"name":"Startseite","item":"https:\/\/www.gourmetclassic.de\/home\/"},{"@type":"ListItem","position":2,"name":"Suche nach Restaurants\/Hotels in Regionen","item":"https:\/\/www.gourmetclassic.de\/home\/regionen\/"},{"@type":"ListItem","position":3,"name":"Regionen in der Schweiz","item":"https:\/\/www.gourmetclassic.de\/home\/regionen\/regionen-in-der-schweiz\/"},{"@type":"ListItem","position":4,"name":"Wallis"}]},{"@type":"WebSite","@id":"https:\/\/www.gourmetclassic.de\/home\/#website","url":"https:\/\/www.gourmetclassic.de\/home\/","name":"Gourmet Classic","description":"Portal der gehobenen Gastlichkeit","publisher":{"@id":"https:\/\/www.gourmetclassic.de\/home\/#organization"},"potentialAction":[{"@type":"SearchAction","target":{"@type":"EntryPoint","urlTemplate":"https:\/\/www.gourmetclassic.de\/home\/?s={search_term_string}"},"query-input":{"@type":"PropertyValueSpecification","valueRequired":true,"valueName":"search_term_string"}}],"inLanguage":"de"},{"@type":"Organization","@id":"https:\/\/www.gourmetclassic.de\/home\/#organization","name":"Gourmet Classic","url":"https:\/\/www.gourmetclassic.de\/home\/","logo":{"@type":"ImageObject","inLanguage":"de","@id":"https:\/\/www.gourmetclassic.de\/home\/#\/schema\/logo\/image\/","url":"https:\/\/www.gourmetclassic.de\/wp-content\/uploads\/2019\/04\/gourmet-classic-logo.jpg","contentUrl":"https:\/\/www.gourmetclassic.de\/wp-content\/uploads\/2019\/04\/gourmet-classic-logo.jpg","width":253,"height":123,"caption":"Gourmet Classic"},"image":{"@id":"https:\/\/www.gourmetclassic.de\/home\/#\/schema\/logo\/image\/"}}]}},"_links":{"self":[{"href":"https:\/\/www.gourmetclassic.de\/home\/wp-json\/wp\/v2\/pages\/1933"}],"collection":[{"href":"https:\/\/www.gourmetclassic.de\/home\/wp-json\/wp\/v2\/pages"}],"about":[{"href":"https:\/\/www.gourmetclassic.de\/home\/wp-json\/wp\/v2\/types\/page"}],"author":[{"embeddable":true,"href":"https:\/\/www.gourmetclassic.de\/home\/wp-json\/wp\/v2\/users\/1"}],"replies":[{"embeddable":true,"href":"https:\/\/www.gourmetclassic.de\/home\/wp-json\/wp\/v2\/comments?post=1933"}],"version-history":[{"count":5,"href":"https:\/\/www.gourmetclassic.de\/home\/wp-json\/wp\/v2\/pages\/1933\/revisions"}],"predecessor-version":[{"id":2171,"href":"https:\/\/www.gourmetclassic.de\/home\/wp-json\/wp\/v2\/pages\/1933\/revisions\/2171"}],"up":[{"embeddable":true,"href":"https:\/\/www.gourmetclassic.de\/home\/wp-json\/wp\/v2\/pages\/155"}],"wp:attachment":[{"href":"https:\/\/www.gourmetclassic.de\/home\/wp-json\/wp\/v2\/media?parent=1933"}],"curies":[{"name":"wp","href":"https:\/\/api.w.org\/{rel}","templated":true}]}}