{"id":2109,"date":"2020-06-08T09:51:42","date_gmt":"2020-06-08T07:51:42","guid":{"rendered":"https:\/\/www.gourmetclassic.de\/home\/?page_id=2109"},"modified":"2020-06-08T11:07:52","modified_gmt":"2020-06-08T09:07:52","slug":"solothurn","status":"publish","type":"page","link":"https:\/\/www.gourmetclassic.de\/home\/regionen\/regionen-in-der-schweiz\/solothurn\/","title":{"rendered":"Solothurn"},"content":{"rendered":"<p><img loading=\"lazy\" decoding=\"async\" class=\"alignnone size-full wp-image-2060\" title=\"Wandfluh oberhalb von Bettlach im Kanton Solothurn\" src=\"https:\/\/www.gourmetclassic.de\/wp-content\/uploads\/2020\/06\/solothurn-grenchen-wandfluh.jpg\" alt=\"Wandfluh oberhalb von Bettlach im Kanton Solothurn\" width=\"1920\" height=\"800\" srcset=\"https:\/\/www.gourmetclassic.de\/wp-content\/uploads\/2020\/06\/solothurn-grenchen-wandfluh.jpg 1920w, https:\/\/www.gourmetclassic.de\/wp-content\/uploads\/2020\/06\/solothurn-grenchen-wandfluh-768x320.jpg 768w, https:\/\/www.gourmetclassic.de\/wp-content\/uploads\/2020\/06\/solothurn-grenchen-wandfluh-1536x640.jpg 1536w\" sizes=\"(max-width: 1920px) 100vw, 1920px\" \/><\/p>\n<p><img loading=\"lazy\" decoding=\"async\" class=\"size-full wp-image-2084 alignleft\" title=\"Kanton Solothurn (SO)\" src=\"https:\/\/www.gourmetclassic.de\/wp-content\/uploads\/2020\/06\/solothurn-400.png\" alt=\"Kanton Solothurn (SO)\" width=\"400\" height=\"400\" \/><\/p>\n<p>Solothurn (SO) ist ein Kanton in der Deutschschweiz und z\u00e4hlt zur Grossregion Espace Mittelland. Der Hauptort ist die gleichnamige Stadt Solothurn, der bev\u00f6lkerungsreichste Ort ist Olten.<\/p>\n<p>Solothurn liegt im Mittelland und Jura zwischen den Kantonen Bern, Basel-Landschaft, Aargau und Jura und dem Elsass. Es gibt keinen Kanton, der so verzweigt ist wie der Kanton Solothurn. Die Verzweigungen reichen bis Dornach nahe Basel, weit ins Berner Gebiet hinein, gehen \u00f6stlich bis fast nach Aarau. Die Exklaven Kleinl\u00fctzel und Rodersdorf\/Hofstetten-Fl\u00fch\/Metzerlen-Mariastein\/B\u00e4ttwil grenzen an Frankreich (Elsass), die Exklave Steinhof wird vom Kanton Bern umschlossen. Kienberg im Nordosten ist hingegen keine Exklave. Der h\u00f6chste Punkt im Kanton ist mit 1445 m die Hasenmatt, eine Stelle auf dem Jurakamm bei Selzach. Die D\u00fcnnern ist das einzige gr\u00f6ssere Gew\u00e4sser mit Quellgebiet im Solothurner Jura. Durchstr\u00f6mt wird der Kanton von Aare, Emme und Birs. (Quelle: <a href=\"https:\/\/de.wikipedia.org\/wiki\/Kanton_Solothurn\" target=\"_blank\" rel=\"noopener noreferrer\">Wikipedia<\/a>)<\/p>\n<div id=\"footable_parent_1273\"\n         class=\" footable_parent ninja_table_wrapper loading_ninja_table wp_table_data_press_parent semantic_ui \">\n                <table data-ninja_table_instance=\"ninja_table_instance_0\" data-footable_id=\"1273\" data-filter-delay=\"1000\" aria-label=\"Rest-CH\"            id=\"footable_1273\"\n           data-unique_identifier=\"ninja_table_unique_id_1228719139_1273\"\n           class=\" foo-table ninja_footable foo_table_1273 ninja_table_unique_id_1228719139_1273 ui table  ninja_has_count_format nt_type_ajax_table selectable striped vertical_centered  footable-paging-right ninja_table_pro ninja_table_afd_columns ninja_table_afcs_columns_2 ninja_table_afcl_new_line ninja_table_has_custom_filter\">\n                <colgroup>\n                            <col class=\"ninja_column_0 \">\n                            <col class=\"ninja_column_1 \">\n                            <col class=\"ninja_column_2 \">\n                            <col class=\"ninja_column_3 \">\n                            <col class=\"ninja_column_4 \">\n                            <col class=\"ninja_column_5 \">\n                            <col class=\"ninja_column_6 \">\n                            <col class=\"ninja_column_7 xs sm md lg\">\n                            <col class=\"ninja_column_8 xs sm md lg\">\n                            <col class=\"ninja_column_9 \">\n                            <col class=\"ninja_column_10 \">\n                            <col class=\"ninja_column_11 xs sm md lg\">\n                            <col class=\"ninja_column_12 xs sm md lg\">\n                    <\/colgroup>\n            <\/table>\n    \n    \n    \n<\/div>\n\n","protected":false},"excerpt":{"rendered":"<p>Solothurn (SO) ist ein Kanton in der Deutschschweiz und z\u00e4hlt zur Grossregion Espace Mittelland. Der Hauptort ist die gleichnamige Stadt<\/p>\n","protected":false},"author":1,"featured_media":0,"parent":155,"menu_order":0,"comment_status":"closed","ping_status":"closed","template":"","meta":{"footnotes":""},"class_list":["post-2109","page","type-page","status-publish","hentry"],"yoast_head":"<!-- This site is optimized with the Yoast SEO plugin v25.6 - https:\/\/yoast.com\/wordpress\/plugins\/seo\/ -->\n<title>Solothurn - Gourmet Classic<\/title>\n<meta name=\"robots\" content=\"index, follow, max-snippet:-1, max-image-preview:large, max-video-preview:-1\" \/>\n<link rel=\"canonical\" href=\"https:\/\/www.gourmetclassic.de\/home\/regionen\/regionen-in-der-schweiz\/solothurn\/\" \/>\n<meta property=\"og:locale\" content=\"de_DE\" \/>\n<meta property=\"og:type\" content=\"article\" \/>\n<meta property=\"og:title\" content=\"Solothurn - Gourmet Classic\" \/>\n<meta property=\"og:description\" content=\"Solothurn (SO) ist ein Kanton in der Deutschschweiz und z\u00e4hlt zur Grossregion Espace Mittelland. Der Hauptort ist die gleichnamige Stadt\" \/>\n<meta property=\"og:url\" content=\"https:\/\/www.gourmetclassic.de\/home\/regionen\/regionen-in-der-schweiz\/solothurn\/\" \/>\n<meta property=\"og:site_name\" content=\"Gourmet Classic\" \/>\n<meta property=\"article:modified_time\" content=\"2020-06-08T09:07:52+00:00\" \/>\n<meta property=\"og:image\" content=\"https:\/\/www.gourmetclassic.de\/wp-content\/uploads\/2020\/06\/solothurn-grenchen-wandfluh.jpg\" \/>\n<meta name=\"twitter:card\" content=\"summary_large_image\" \/>\n<meta name=\"twitter:label1\" content=\"Gesch\u00e4tzte Lesezeit\" \/>\n\t<meta name=\"twitter:data1\" content=\"1\u00a0Minute\" \/>\n<script type=\"application\/ld+json\" class=\"yoast-schema-graph\">{\"@context\":\"https:\/\/schema.org\",\"@graph\":[{\"@type\":\"WebPage\",\"@id\":\"https:\/\/www.gourmetclassic.de\/home\/regionen\/regionen-in-der-schweiz\/solothurn\/\",\"url\":\"https:\/\/www.gourmetclassic.de\/home\/regionen\/regionen-in-der-schweiz\/solothurn\/\",\"name\":\"Solothurn - Gourmet Classic\",\"isPartOf\":{\"@id\":\"https:\/\/www.gourmetclassic.de\/home\/#website\"},\"primaryImageOfPage\":{\"@id\":\"https:\/\/www.gourmetclassic.de\/home\/regionen\/regionen-in-der-schweiz\/solothurn\/#primaryimage\"},\"image\":{\"@id\":\"https:\/\/www.gourmetclassic.de\/home\/regionen\/regionen-in-der-schweiz\/solothurn\/#primaryimage\"},\"thumbnailUrl\":\"https:\/\/www.gourmetclassic.de\/wp-content\/uploads\/2020\/06\/solothurn-grenchen-wandfluh.jpg\",\"datePublished\":\"2020-06-08T07:51:42+00:00\",\"dateModified\":\"2020-06-08T09:07:52+00:00\",\"breadcrumb\":{\"@id\":\"https:\/\/www.gourmetclassic.de\/home\/regionen\/regionen-in-der-schweiz\/solothurn\/#breadcrumb\"},\"inLanguage\":\"de\",\"potentialAction\":[{\"@type\":\"ReadAction\",\"target\":[\"https:\/\/www.gourmetclassic.de\/home\/regionen\/regionen-in-der-schweiz\/solothurn\/\"]}]},{\"@type\":\"ImageObject\",\"inLanguage\":\"de\",\"@id\":\"https:\/\/www.gourmetclassic.de\/home\/regionen\/regionen-in-der-schweiz\/solothurn\/#primaryimage\",\"url\":\"https:\/\/www.gourmetclassic.de\/wp-content\/uploads\/2020\/06\/solothurn-grenchen-wandfluh.jpg\",\"contentUrl\":\"https:\/\/www.gourmetclassic.de\/wp-content\/uploads\/2020\/06\/solothurn-grenchen-wandfluh.jpg\"},{\"@type\":\"BreadcrumbList\",\"@id\":\"https:\/\/www.gourmetclassic.de\/home\/regionen\/regionen-in-der-schweiz\/solothurn\/#breadcrumb\",\"itemListElement\":[{\"@type\":\"ListItem\",\"position\":1,\"name\":\"Startseite\",\"item\":\"https:\/\/www.gourmetclassic.de\/home\/\"},{\"@type\":\"ListItem\",\"position\":2,\"name\":\"Suche nach Restaurants\/Hotels in Regionen\",\"item\":\"https:\/\/www.gourmetclassic.de\/home\/regionen\/\"},{\"@type\":\"ListItem\",\"position\":3,\"name\":\"Regionen in der Schweiz\",\"item\":\"https:\/\/www.gourmetclassic.de\/home\/regionen\/regionen-in-der-schweiz\/\"},{\"@type\":\"ListItem\",\"position\":4,\"name\":\"Solothurn\"}]},{\"@type\":\"WebSite\",\"@id\":\"https:\/\/www.gourmetclassic.de\/home\/#website\",\"url\":\"https:\/\/www.gourmetclassic.de\/home\/\",\"name\":\"Gourmet Classic\",\"description\":\"Portal der gehobenen Gastlichkeit\",\"publisher\":{\"@id\":\"https:\/\/www.gourmetclassic.de\/home\/#organization\"},\"potentialAction\":[{\"@type\":\"SearchAction\",\"target\":{\"@type\":\"EntryPoint\",\"urlTemplate\":\"https:\/\/www.gourmetclassic.de\/home\/?s={search_term_string}\"},\"query-input\":{\"@type\":\"PropertyValueSpecification\",\"valueRequired\":true,\"valueName\":\"search_term_string\"}}],\"inLanguage\":\"de\"},{\"@type\":\"Organization\",\"@id\":\"https:\/\/www.gourmetclassic.de\/home\/#organization\",\"name\":\"Gourmet Classic\",\"url\":\"https:\/\/www.gourmetclassic.de\/home\/\",\"logo\":{\"@type\":\"ImageObject\",\"inLanguage\":\"de\",\"@id\":\"https:\/\/www.gourmetclassic.de\/home\/#\/schema\/logo\/image\/\",\"url\":\"https:\/\/www.gourmetclassic.de\/wp-content\/uploads\/2019\/04\/gourmet-classic-logo.jpg\",\"contentUrl\":\"https:\/\/www.gourmetclassic.de\/wp-content\/uploads\/2019\/04\/gourmet-classic-logo.jpg\",\"width\":253,\"height\":123,\"caption\":\"Gourmet Classic\"},\"image\":{\"@id\":\"https:\/\/www.gourmetclassic.de\/home\/#\/schema\/logo\/image\/\"}}]}<\/script>\n<!-- \/ Yoast SEO plugin. -->","yoast_head_json":{"title":"Solothurn - Gourmet Classic","robots":{"index":"index","follow":"follow","max-snippet":"max-snippet:-1","max-image-preview":"max-image-preview:large","max-video-preview":"max-video-preview:-1"},"canonical":"https:\/\/www.gourmetclassic.de\/home\/regionen\/regionen-in-der-schweiz\/solothurn\/","og_locale":"de_DE","og_type":"article","og_title":"Solothurn - Gourmet Classic","og_description":"Solothurn (SO) ist ein Kanton in der Deutschschweiz und z\u00e4hlt zur Grossregion Espace Mittelland. Der Hauptort ist die gleichnamige Stadt","og_url":"https:\/\/www.gourmetclassic.de\/home\/regionen\/regionen-in-der-schweiz\/solothurn\/","og_site_name":"Gourmet Classic","article_modified_time":"2020-06-08T09:07:52+00:00","og_image":[{"url":"https:\/\/www.gourmetclassic.de\/wp-content\/uploads\/2020\/06\/solothurn-grenchen-wandfluh.jpg","type":"","width":"","height":""}],"twitter_card":"summary_large_image","twitter_misc":{"Gesch\u00e4tzte Lesezeit":"1\u00a0Minute"},"schema":{"@context":"https:\/\/schema.org","@graph":[{"@type":"WebPage","@id":"https:\/\/www.gourmetclassic.de\/home\/regionen\/regionen-in-der-schweiz\/solothurn\/","url":"https:\/\/www.gourmetclassic.de\/home\/regionen\/regionen-in-der-schweiz\/solothurn\/","name":"Solothurn - Gourmet Classic","isPartOf":{"@id":"https:\/\/www.gourmetclassic.de\/home\/#website"},"primaryImageOfPage":{"@id":"https:\/\/www.gourmetclassic.de\/home\/regionen\/regionen-in-der-schweiz\/solothurn\/#primaryimage"},"image":{"@id":"https:\/\/www.gourmetclassic.de\/home\/regionen\/regionen-in-der-schweiz\/solothurn\/#primaryimage"},"thumbnailUrl":"https:\/\/www.gourmetclassic.de\/wp-content\/uploads\/2020\/06\/solothurn-grenchen-wandfluh.jpg","datePublished":"2020-06-08T07:51:42+00:00","dateModified":"2020-06-08T09:07:52+00:00","breadcrumb":{"@id":"https:\/\/www.gourmetclassic.de\/home\/regionen\/regionen-in-der-schweiz\/solothurn\/#breadcrumb"},"inLanguage":"de","potentialAction":[{"@type":"ReadAction","target":["https:\/\/www.gourmetclassic.de\/home\/regionen\/regionen-in-der-schweiz\/solothurn\/"]}]},{"@type":"ImageObject","inLanguage":"de","@id":"https:\/\/www.gourmetclassic.de\/home\/regionen\/regionen-in-der-schweiz\/solothurn\/#primaryimage","url":"https:\/\/www.gourmetclassic.de\/wp-content\/uploads\/2020\/06\/solothurn-grenchen-wandfluh.jpg","contentUrl":"https:\/\/www.gourmetclassic.de\/wp-content\/uploads\/2020\/06\/solothurn-grenchen-wandfluh.jpg"},{"@type":"BreadcrumbList","@id":"https:\/\/www.gourmetclassic.de\/home\/regionen\/regionen-in-der-schweiz\/solothurn\/#breadcrumb","itemListElement":[{"@type":"ListItem","position":1,"name":"Startseite","item":"https:\/\/www.gourmetclassic.de\/home\/"},{"@type":"ListItem","position":2,"name":"Suche nach Restaurants\/Hotels in Regionen","item":"https:\/\/www.gourmetclassic.de\/home\/regionen\/"},{"@type":"ListItem","position":3,"name":"Regionen in der Schweiz","item":"https:\/\/www.gourmetclassic.de\/home\/regionen\/regionen-in-der-schweiz\/"},{"@type":"ListItem","position":4,"name":"Solothurn"}]},{"@type":"WebSite","@id":"https:\/\/www.gourmetclassic.de\/home\/#website","url":"https:\/\/www.gourmetclassic.de\/home\/","name":"Gourmet Classic","description":"Portal der gehobenen Gastlichkeit","publisher":{"@id":"https:\/\/www.gourmetclassic.de\/home\/#organization"},"potentialAction":[{"@type":"SearchAction","target":{"@type":"EntryPoint","urlTemplate":"https:\/\/www.gourmetclassic.de\/home\/?s={search_term_string}"},"query-input":{"@type":"PropertyValueSpecification","valueRequired":true,"valueName":"search_term_string"}}],"inLanguage":"de"},{"@type":"Organization","@id":"https:\/\/www.gourmetclassic.de\/home\/#organization","name":"Gourmet Classic","url":"https:\/\/www.gourmetclassic.de\/home\/","logo":{"@type":"ImageObject","inLanguage":"de","@id":"https:\/\/www.gourmetclassic.de\/home\/#\/schema\/logo\/image\/","url":"https:\/\/www.gourmetclassic.de\/wp-content\/uploads\/2019\/04\/gourmet-classic-logo.jpg","contentUrl":"https:\/\/www.gourmetclassic.de\/wp-content\/uploads\/2019\/04\/gourmet-classic-logo.jpg","width":253,"height":123,"caption":"Gourmet Classic"},"image":{"@id":"https:\/\/www.gourmetclassic.de\/home\/#\/schema\/logo\/image\/"}}]}},"_links":{"self":[{"href":"https:\/\/www.gourmetclassic.de\/home\/wp-json\/wp\/v2\/pages\/2109"}],"collection":[{"href":"https:\/\/www.gourmetclassic.de\/home\/wp-json\/wp\/v2\/pages"}],"about":[{"href":"https:\/\/www.gourmetclassic.de\/home\/wp-json\/wp\/v2\/types\/page"}],"author":[{"embeddable":true,"href":"https:\/\/www.gourmetclassic.de\/home\/wp-json\/wp\/v2\/users\/1"}],"replies":[{"embeddable":true,"href":"https:\/\/www.gourmetclassic.de\/home\/wp-json\/wp\/v2\/comments?post=2109"}],"version-history":[{"count":3,"href":"https:\/\/www.gourmetclassic.de\/home\/wp-json\/wp\/v2\/pages\/2109\/revisions"}],"predecessor-version":[{"id":2177,"href":"https:\/\/www.gourmetclassic.de\/home\/wp-json\/wp\/v2\/pages\/2109\/revisions\/2177"}],"up":[{"embeddable":true,"href":"https:\/\/www.gourmetclassic.de\/home\/wp-json\/wp\/v2\/pages\/155"}],"wp:attachment":[{"href":"https:\/\/www.gourmetclassic.de\/home\/wp-json\/wp\/v2\/media?parent=2109"}],"curies":[{"name":"wp","href":"https:\/\/api.w.org\/{rel}","templated":true}]}}