{"id":2121,"date":"2020-06-08T10:00:53","date_gmt":"2020-06-08T08:00:53","guid":{"rendered":"https:\/\/www.gourmetclassic.de\/home\/?page_id=2121"},"modified":"2020-06-08T12:18:47","modified_gmt":"2020-06-08T10:18:47","slug":"nidwalden","status":"publish","type":"page","link":"https:\/\/www.gourmetclassic.de\/home\/regionen\/regionen-in-der-schweiz\/nidwalden\/","title":{"rendered":"Nidwalden"},"content":{"rendered":"<p><img loading=\"lazy\" decoding=\"async\" class=\"alignnone size-full wp-image-2056\" title=\"Stanserhorn im Kanton Nidwalden\" src=\"https:\/\/www.gourmetclassic.de\/wp-content\/uploads\/2020\/06\/nidwalden-stanserhorn.jpg\" alt=\"Stanserhorn im Kanton Nidwalden\" width=\"1920\" height=\"800\" srcset=\"https:\/\/www.gourmetclassic.de\/wp-content\/uploads\/2020\/06\/nidwalden-stanserhorn.jpg 1920w, https:\/\/www.gourmetclassic.de\/wp-content\/uploads\/2020\/06\/nidwalden-stanserhorn-768x320.jpg 768w, https:\/\/www.gourmetclassic.de\/wp-content\/uploads\/2020\/06\/nidwalden-stanserhorn-1536x640.jpg 1536w\" sizes=\"(max-width: 1920px) 100vw, 1920px\" \/><\/p>\n<p><img loading=\"lazy\" decoding=\"async\" class=\"size-full wp-image-2079 alignleft\" title=\"Kanton Nidwalden (NW)\" src=\"https:\/\/www.gourmetclassic.de\/wp-content\/uploads\/2020\/06\/nidwalden-400.png\" alt=\"Kanton Nidwalden (NW)\" width=\"400\" height=\"400\" \/><\/p>\n<p>Nidwalden (K\u00fcrzel NW) ist ein deutschsprachiger Kanton der Schweiz, der zur Grossregion Zentralschweiz (Innerschweiz) z\u00e4hlt. Der Hauptort und zugleich gr\u00f6sste Ort ist Stans. Nid- und Obwalden bildeten zusammen Unterwalden, einen der drei Urkantone der Schweizerischen Eidgenossenschaft, woher die \u00e4ltere Bezeichnung Unterwalden nid dem Wald r\u00fchrt.<\/p>\n<p>H\u00f6chste Erhebung des Kantons ist das Rotst\u00f6ckli mit 2901 m \u00fc. M., das orografisch zu den Urner Alpen geh\u00f6rt. Die gr\u00f6ssten Teile des Kantons geh\u00f6ren aber zu den Unterwaldner Voralpen, einem Teil der Zentralschweizer Voralpen. Der tiefste Punkt mit 434 m \u00fc. M. ist der Seespiegel des Vierwaldst\u00e4ttersees.<\/p>\n<p>Nidwalden befindet sich im Zentrum der Schweiz. Im Norden ist der Binnenkanton durch den Vierwaldst\u00e4ttersee begrenzt, in allen anderen Richtungen durch Bergketten. Angrenzende Nachbarkantone sind Luzern, Obwalden, Uri, Schwyz und Bern. (Quelle: <a href=\"https:\/\/de.wikipedia.org\/wiki\/Kanton_Nidwalden\" target=\"_blank\" rel=\"noopener noreferrer\">Wikipedia<\/a>)<\/p>\n<div id=\"footable_parent_1273\"\n         class=\" footable_parent ninja_table_wrapper loading_ninja_table wp_table_data_press_parent semantic_ui \">\n                <table data-ninja_table_instance=\"ninja_table_instance_0\" data-footable_id=\"1273\" data-filter-delay=\"1000\" aria-label=\"Rest-CH\"            id=\"footable_1273\"\n           data-unique_identifier=\"ninja_table_unique_id_1708170621_1273\"\n           class=\" foo-table ninja_footable foo_table_1273 ninja_table_unique_id_1708170621_1273 ui table  ninja_has_count_format nt_type_ajax_table selectable striped vertical_centered  footable-paging-right ninja_table_pro ninja_table_afd_columns ninja_table_afcs_columns_2 ninja_table_afcl_new_line ninja_table_has_custom_filter\">\n                <colgroup>\n                            <col class=\"ninja_column_0 \">\n                            <col class=\"ninja_column_1 \">\n                            <col class=\"ninja_column_2 \">\n                            <col class=\"ninja_column_3 \">\n                            <col class=\"ninja_column_4 \">\n                            <col class=\"ninja_column_5 \">\n                            <col class=\"ninja_column_6 \">\n                            <col class=\"ninja_column_7 xs sm md lg\">\n                            <col class=\"ninja_column_8 xs sm md lg\">\n                            <col class=\"ninja_column_9 \">\n                            <col class=\"ninja_column_10 \">\n                            <col class=\"ninja_column_11 xs sm md lg\">\n                            <col class=\"ninja_column_12 xs sm md lg\">\n                    <\/colgroup>\n            <\/table>\n    \n    \n    \n<\/div>\n\n","protected":false},"excerpt":{"rendered":"<p>Nidwalden (K\u00fcrzel NW) ist ein deutschsprachiger Kanton der Schweiz, der zur Grossregion Zentralschweiz (Innerschweiz) z\u00e4hlt. Der Hauptort und zugleich gr\u00f6sste<\/p>\n","protected":false},"author":1,"featured_media":0,"parent":155,"menu_order":0,"comment_status":"closed","ping_status":"closed","template":"","meta":{"footnotes":""},"class_list":["post-2121","page","type-page","status-publish","hentry"],"yoast_head":"<!-- This site is optimized with the Yoast SEO plugin v25.6 - https:\/\/yoast.com\/wordpress\/plugins\/seo\/ -->\n<title>Nidwalden - Gourmet Classic<\/title>\n<meta name=\"robots\" content=\"index, follow, max-snippet:-1, max-image-preview:large, max-video-preview:-1\" \/>\n<link rel=\"canonical\" href=\"https:\/\/www.gourmetclassic.de\/home\/regionen\/regionen-in-der-schweiz\/nidwalden\/\" \/>\n<meta property=\"og:locale\" content=\"de_DE\" \/>\n<meta property=\"og:type\" content=\"article\" \/>\n<meta property=\"og:title\" content=\"Nidwalden - Gourmet Classic\" \/>\n<meta property=\"og:description\" content=\"Nidwalden (K\u00fcrzel NW) ist ein deutschsprachiger Kanton der Schweiz, der zur Grossregion Zentralschweiz (Innerschweiz) z\u00e4hlt. Der Hauptort und zugleich gr\u00f6sste\" \/>\n<meta property=\"og:url\" content=\"https:\/\/www.gourmetclassic.de\/home\/regionen\/regionen-in-der-schweiz\/nidwalden\/\" \/>\n<meta property=\"og:site_name\" content=\"Gourmet Classic\" \/>\n<meta property=\"article:modified_time\" content=\"2020-06-08T10:18:47+00:00\" \/>\n<meta property=\"og:image\" content=\"https:\/\/www.gourmetclassic.de\/wp-content\/uploads\/2020\/06\/nidwalden-stanserhorn.jpg\" \/>\n<meta name=\"twitter:card\" content=\"summary_large_image\" \/>\n<meta name=\"twitter:label1\" content=\"Gesch\u00e4tzte Lesezeit\" \/>\n\t<meta name=\"twitter:data1\" content=\"1\u00a0Minute\" \/>\n<script type=\"application\/ld+json\" class=\"yoast-schema-graph\">{\"@context\":\"https:\/\/schema.org\",\"@graph\":[{\"@type\":\"WebPage\",\"@id\":\"https:\/\/www.gourmetclassic.de\/home\/regionen\/regionen-in-der-schweiz\/nidwalden\/\",\"url\":\"https:\/\/www.gourmetclassic.de\/home\/regionen\/regionen-in-der-schweiz\/nidwalden\/\",\"name\":\"Nidwalden - Gourmet Classic\",\"isPartOf\":{\"@id\":\"https:\/\/www.gourmetclassic.de\/home\/#website\"},\"primaryImageOfPage\":{\"@id\":\"https:\/\/www.gourmetclassic.de\/home\/regionen\/regionen-in-der-schweiz\/nidwalden\/#primaryimage\"},\"image\":{\"@id\":\"https:\/\/www.gourmetclassic.de\/home\/regionen\/regionen-in-der-schweiz\/nidwalden\/#primaryimage\"},\"thumbnailUrl\":\"https:\/\/www.gourmetclassic.de\/wp-content\/uploads\/2020\/06\/nidwalden-stanserhorn.jpg\",\"datePublished\":\"2020-06-08T08:00:53+00:00\",\"dateModified\":\"2020-06-08T10:18:47+00:00\",\"breadcrumb\":{\"@id\":\"https:\/\/www.gourmetclassic.de\/home\/regionen\/regionen-in-der-schweiz\/nidwalden\/#breadcrumb\"},\"inLanguage\":\"de\",\"potentialAction\":[{\"@type\":\"ReadAction\",\"target\":[\"https:\/\/www.gourmetclassic.de\/home\/regionen\/regionen-in-der-schweiz\/nidwalden\/\"]}]},{\"@type\":\"ImageObject\",\"inLanguage\":\"de\",\"@id\":\"https:\/\/www.gourmetclassic.de\/home\/regionen\/regionen-in-der-schweiz\/nidwalden\/#primaryimage\",\"url\":\"https:\/\/www.gourmetclassic.de\/wp-content\/uploads\/2020\/06\/nidwalden-stanserhorn.jpg\",\"contentUrl\":\"https:\/\/www.gourmetclassic.de\/wp-content\/uploads\/2020\/06\/nidwalden-stanserhorn.jpg\"},{\"@type\":\"BreadcrumbList\",\"@id\":\"https:\/\/www.gourmetclassic.de\/home\/regionen\/regionen-in-der-schweiz\/nidwalden\/#breadcrumb\",\"itemListElement\":[{\"@type\":\"ListItem\",\"position\":1,\"name\":\"Startseite\",\"item\":\"https:\/\/www.gourmetclassic.de\/home\/\"},{\"@type\":\"ListItem\",\"position\":2,\"name\":\"Suche nach Restaurants\/Hotels in Regionen\",\"item\":\"https:\/\/www.gourmetclassic.de\/home\/regionen\/\"},{\"@type\":\"ListItem\",\"position\":3,\"name\":\"Regionen in der Schweiz\",\"item\":\"https:\/\/www.gourmetclassic.de\/home\/regionen\/regionen-in-der-schweiz\/\"},{\"@type\":\"ListItem\",\"position\":4,\"name\":\"Nidwalden\"}]},{\"@type\":\"WebSite\",\"@id\":\"https:\/\/www.gourmetclassic.de\/home\/#website\",\"url\":\"https:\/\/www.gourmetclassic.de\/home\/\",\"name\":\"Gourmet Classic\",\"description\":\"Portal der gehobenen Gastlichkeit\",\"publisher\":{\"@id\":\"https:\/\/www.gourmetclassic.de\/home\/#organization\"},\"potentialAction\":[{\"@type\":\"SearchAction\",\"target\":{\"@type\":\"EntryPoint\",\"urlTemplate\":\"https:\/\/www.gourmetclassic.de\/home\/?s={search_term_string}\"},\"query-input\":{\"@type\":\"PropertyValueSpecification\",\"valueRequired\":true,\"valueName\":\"search_term_string\"}}],\"inLanguage\":\"de\"},{\"@type\":\"Organization\",\"@id\":\"https:\/\/www.gourmetclassic.de\/home\/#organization\",\"name\":\"Gourmet Classic\",\"url\":\"https:\/\/www.gourmetclassic.de\/home\/\",\"logo\":{\"@type\":\"ImageObject\",\"inLanguage\":\"de\",\"@id\":\"https:\/\/www.gourmetclassic.de\/home\/#\/schema\/logo\/image\/\",\"url\":\"https:\/\/www.gourmetclassic.de\/wp-content\/uploads\/2019\/04\/gourmet-classic-logo.jpg\",\"contentUrl\":\"https:\/\/www.gourmetclassic.de\/wp-content\/uploads\/2019\/04\/gourmet-classic-logo.jpg\",\"width\":253,\"height\":123,\"caption\":\"Gourmet Classic\"},\"image\":{\"@id\":\"https:\/\/www.gourmetclassic.de\/home\/#\/schema\/logo\/image\/\"}}]}<\/script>\n<!-- \/ Yoast SEO plugin. -->","yoast_head_json":{"title":"Nidwalden - Gourmet Classic","robots":{"index":"index","follow":"follow","max-snippet":"max-snippet:-1","max-image-preview":"max-image-preview:large","max-video-preview":"max-video-preview:-1"},"canonical":"https:\/\/www.gourmetclassic.de\/home\/regionen\/regionen-in-der-schweiz\/nidwalden\/","og_locale":"de_DE","og_type":"article","og_title":"Nidwalden - Gourmet Classic","og_description":"Nidwalden (K\u00fcrzel NW) ist ein deutschsprachiger Kanton der Schweiz, der zur Grossregion Zentralschweiz (Innerschweiz) z\u00e4hlt. Der Hauptort und zugleich gr\u00f6sste","og_url":"https:\/\/www.gourmetclassic.de\/home\/regionen\/regionen-in-der-schweiz\/nidwalden\/","og_site_name":"Gourmet Classic","article_modified_time":"2020-06-08T10:18:47+00:00","og_image":[{"url":"https:\/\/www.gourmetclassic.de\/wp-content\/uploads\/2020\/06\/nidwalden-stanserhorn.jpg","type":"","width":"","height":""}],"twitter_card":"summary_large_image","twitter_misc":{"Gesch\u00e4tzte Lesezeit":"1\u00a0Minute"},"schema":{"@context":"https:\/\/schema.org","@graph":[{"@type":"WebPage","@id":"https:\/\/www.gourmetclassic.de\/home\/regionen\/regionen-in-der-schweiz\/nidwalden\/","url":"https:\/\/www.gourmetclassic.de\/home\/regionen\/regionen-in-der-schweiz\/nidwalden\/","name":"Nidwalden - Gourmet Classic","isPartOf":{"@id":"https:\/\/www.gourmetclassic.de\/home\/#website"},"primaryImageOfPage":{"@id":"https:\/\/www.gourmetclassic.de\/home\/regionen\/regionen-in-der-schweiz\/nidwalden\/#primaryimage"},"image":{"@id":"https:\/\/www.gourmetclassic.de\/home\/regionen\/regionen-in-der-schweiz\/nidwalden\/#primaryimage"},"thumbnailUrl":"https:\/\/www.gourmetclassic.de\/wp-content\/uploads\/2020\/06\/nidwalden-stanserhorn.jpg","datePublished":"2020-06-08T08:00:53+00:00","dateModified":"2020-06-08T10:18:47+00:00","breadcrumb":{"@id":"https:\/\/www.gourmetclassic.de\/home\/regionen\/regionen-in-der-schweiz\/nidwalden\/#breadcrumb"},"inLanguage":"de","potentialAction":[{"@type":"ReadAction","target":["https:\/\/www.gourmetclassic.de\/home\/regionen\/regionen-in-der-schweiz\/nidwalden\/"]}]},{"@type":"ImageObject","inLanguage":"de","@id":"https:\/\/www.gourmetclassic.de\/home\/regionen\/regionen-in-der-schweiz\/nidwalden\/#primaryimage","url":"https:\/\/www.gourmetclassic.de\/wp-content\/uploads\/2020\/06\/nidwalden-stanserhorn.jpg","contentUrl":"https:\/\/www.gourmetclassic.de\/wp-content\/uploads\/2020\/06\/nidwalden-stanserhorn.jpg"},{"@type":"BreadcrumbList","@id":"https:\/\/www.gourmetclassic.de\/home\/regionen\/regionen-in-der-schweiz\/nidwalden\/#breadcrumb","itemListElement":[{"@type":"ListItem","position":1,"name":"Startseite","item":"https:\/\/www.gourmetclassic.de\/home\/"},{"@type":"ListItem","position":2,"name":"Suche nach Restaurants\/Hotels in Regionen","item":"https:\/\/www.gourmetclassic.de\/home\/regionen\/"},{"@type":"ListItem","position":3,"name":"Regionen in der Schweiz","item":"https:\/\/www.gourmetclassic.de\/home\/regionen\/regionen-in-der-schweiz\/"},{"@type":"ListItem","position":4,"name":"Nidwalden"}]},{"@type":"WebSite","@id":"https:\/\/www.gourmetclassic.de\/home\/#website","url":"https:\/\/www.gourmetclassic.de\/home\/","name":"Gourmet Classic","description":"Portal der gehobenen Gastlichkeit","publisher":{"@id":"https:\/\/www.gourmetclassic.de\/home\/#organization"},"potentialAction":[{"@type":"SearchAction","target":{"@type":"EntryPoint","urlTemplate":"https:\/\/www.gourmetclassic.de\/home\/?s={search_term_string}"},"query-input":{"@type":"PropertyValueSpecification","valueRequired":true,"valueName":"search_term_string"}}],"inLanguage":"de"},{"@type":"Organization","@id":"https:\/\/www.gourmetclassic.de\/home\/#organization","name":"Gourmet Classic","url":"https:\/\/www.gourmetclassic.de\/home\/","logo":{"@type":"ImageObject","inLanguage":"de","@id":"https:\/\/www.gourmetclassic.de\/home\/#\/schema\/logo\/image\/","url":"https:\/\/www.gourmetclassic.de\/wp-content\/uploads\/2019\/04\/gourmet-classic-logo.jpg","contentUrl":"https:\/\/www.gourmetclassic.de\/wp-content\/uploads\/2019\/04\/gourmet-classic-logo.jpg","width":253,"height":123,"caption":"Gourmet Classic"},"image":{"@id":"https:\/\/www.gourmetclassic.de\/home\/#\/schema\/logo\/image\/"}}]}},"_links":{"self":[{"href":"https:\/\/www.gourmetclassic.de\/home\/wp-json\/wp\/v2\/pages\/2121"}],"collection":[{"href":"https:\/\/www.gourmetclassic.de\/home\/wp-json\/wp\/v2\/pages"}],"about":[{"href":"https:\/\/www.gourmetclassic.de\/home\/wp-json\/wp\/v2\/types\/page"}],"author":[{"embeddable":true,"href":"https:\/\/www.gourmetclassic.de\/home\/wp-json\/wp\/v2\/users\/1"}],"replies":[{"embeddable":true,"href":"https:\/\/www.gourmetclassic.de\/home\/wp-json\/wp\/v2\/comments?post=2121"}],"version-history":[{"count":3,"href":"https:\/\/www.gourmetclassic.de\/home\/wp-json\/wp\/v2\/pages\/2121\/revisions"}],"predecessor-version":[{"id":2211,"href":"https:\/\/www.gourmetclassic.de\/home\/wp-json\/wp\/v2\/pages\/2121\/revisions\/2211"}],"up":[{"embeddable":true,"href":"https:\/\/www.gourmetclassic.de\/home\/wp-json\/wp\/v2\/pages\/155"}],"wp:attachment":[{"href":"https:\/\/www.gourmetclassic.de\/home\/wp-json\/wp\/v2\/media?parent=2121"}],"curies":[{"name":"wp","href":"https:\/\/api.w.org\/{rel}","templated":true}]}}