{"id":2136,"date":"2020-06-08T10:12:19","date_gmt":"2020-06-08T08:12:19","guid":{"rendered":"https:\/\/www.gourmetclassic.de\/home\/?page_id=2136"},"modified":"2020-06-08T10:49:05","modified_gmt":"2020-06-08T08:49:05","slug":"genf","status":"publish","type":"page","link":"https:\/\/www.gourmetclassic.de\/home\/regionen\/regionen-in-der-schweiz\/genf\/","title":{"rendered":"Genf"},"content":{"rendered":"<p><img loading=\"lazy\" decoding=\"async\" class=\"alignnone size-full wp-image-2050\" title=\"Genfersee - Genf\" src=\"https:\/\/www.gourmetclassic.de\/wp-content\/uploads\/2020\/06\/genf-genfersee.jpg\" alt=\"Genfersee - Genf\" width=\"1920\" height=\"800\" srcset=\"https:\/\/www.gourmetclassic.de\/wp-content\/uploads\/2020\/06\/genf-genfersee.jpg 1920w, https:\/\/www.gourmetclassic.de\/wp-content\/uploads\/2020\/06\/genf-genfersee-768x320.jpg 768w, https:\/\/www.gourmetclassic.de\/wp-content\/uploads\/2020\/06\/genf-genfersee-1536x640.jpg 1536w\" sizes=\"(max-width: 1920px) 100vw, 1920px\" \/><\/p>\n<p><img loading=\"lazy\" decoding=\"async\" class=\"size-full wp-image-2073 alignleft\" title=\"Kanton Genf (GE)\" src=\"https:\/\/www.gourmetclassic.de\/wp-content\/uploads\/2020\/06\/genf-400.png\" alt=\"Kanton Genf (GE)\" width=\"400\" height=\"400\" \/><\/p>\n<p>Genf (franz\u00f6sisch Gen\u00e8ve) ist ein Kanton der Schweiz. Er liegt in der frankophonen Romandie und z\u00e4hlt zur Metropolregion Genf-Lausanne. Der Hauptort ist die gleichnamige Stadt Genf.<\/p>\n<p>Der Kanton Genf bildet den s\u00fcdwestlichen Zipfel der Schweiz. Er liegt in der Romandie (franz\u00f6sischsprachige Schweiz) ist fast v\u00f6llig von franz\u00f6sischem Gebiet umgeben: Seine Grenze zu Frankreich \u2013 und dessen D\u00e9partements Ain und Haute-Savoie \u2013 ist 103, die zum Schweizer Kanton Waadt dagegen nur 4,5 Kilometer lang.<\/p>\n<p>Der Kanton umschliesst das s\u00fcdwestliche Ende des Genfersees, am Ausfluss der Rhone Richtung Mittelmeer. Der zweite wichtige Fluss ist die Arve, die von Chamonix kommend, sich in Genf mit der Rhone vereint. Der Kanton liegt im \u00abGenfer Becken\u00bb (\u00abcuvette genevoise\u00bb) zwischen den vier h\u00f6chsten Gipfeln der Gebirgskette Jura und den franz\u00f6sischen Bergen Vuache, Sal\u00e8ve und Voirons. (Quelle: <a href=\"https:\/\/de.wikipedia.org\/wiki\/Kanton_Genf\">Wikipedia<\/a>)<\/p>\n<div id=\"footable_parent_1273\"\n         class=\" footable_parent ninja_table_wrapper loading_ninja_table wp_table_data_press_parent semantic_ui \">\n                <table data-ninja_table_instance=\"ninja_table_instance_0\" data-footable_id=\"1273\" data-filter-delay=\"1000\" aria-label=\"Rest-CH\"            id=\"footable_1273\"\n           data-unique_identifier=\"ninja_table_unique_id_142516288_1273\"\n           class=\" foo-table ninja_footable foo_table_1273 ninja_table_unique_id_142516288_1273 ui table  ninja_has_count_format nt_type_ajax_table selectable striped vertical_centered  footable-paging-right ninja_table_pro ninja_table_afd_columns ninja_table_afcs_columns_2 ninja_table_afcl_new_line ninja_table_has_custom_filter\">\n                <colgroup>\n                            <col class=\"ninja_column_0 \">\n                            <col class=\"ninja_column_1 \">\n                            <col class=\"ninja_column_2 \">\n                            <col class=\"ninja_column_3 \">\n                            <col class=\"ninja_column_4 \">\n                            <col class=\"ninja_column_5 \">\n                            <col class=\"ninja_column_6 \">\n                            <col class=\"ninja_column_7 xs sm md lg\">\n                            <col class=\"ninja_column_8 xs sm md lg\">\n                            <col class=\"ninja_column_9 \">\n                            <col class=\"ninja_column_10 \">\n                            <col class=\"ninja_column_11 xs sm md lg\">\n                            <col class=\"ninja_column_12 xs sm md lg\">\n                    <\/colgroup>\n            <\/table>\n    \n    \n    \n<\/div>\n\n","protected":false},"excerpt":{"rendered":"<p>Genf (franz\u00f6sisch Gen\u00e8ve) ist ein Kanton der Schweiz. Er liegt in der frankophonen Romandie und z\u00e4hlt zur Metropolregion Genf-Lausanne. Der<\/p>\n","protected":false},"author":1,"featured_media":0,"parent":155,"menu_order":0,"comment_status":"closed","ping_status":"closed","template":"","meta":{"footnotes":""},"class_list":["post-2136","page","type-page","status-publish","hentry"],"yoast_head":"<!-- This site is optimized with the Yoast SEO plugin v25.6 - https:\/\/yoast.com\/wordpress\/plugins\/seo\/ -->\n<title>Genf - Gourmet Classic<\/title>\n<meta name=\"robots\" content=\"index, follow, max-snippet:-1, max-image-preview:large, max-video-preview:-1\" \/>\n<link rel=\"canonical\" href=\"https:\/\/www.gourmetclassic.de\/home\/regionen\/regionen-in-der-schweiz\/genf\/\" \/>\n<meta property=\"og:locale\" content=\"de_DE\" \/>\n<meta property=\"og:type\" content=\"article\" \/>\n<meta property=\"og:title\" content=\"Genf - Gourmet Classic\" \/>\n<meta property=\"og:description\" content=\"Genf (franz\u00f6sisch Gen\u00e8ve) ist ein Kanton der Schweiz. Er liegt in der frankophonen Romandie und z\u00e4hlt zur Metropolregion Genf-Lausanne. Der\" \/>\n<meta property=\"og:url\" content=\"https:\/\/www.gourmetclassic.de\/home\/regionen\/regionen-in-der-schweiz\/genf\/\" \/>\n<meta property=\"og:site_name\" content=\"Gourmet Classic\" \/>\n<meta property=\"article:modified_time\" content=\"2020-06-08T08:49:05+00:00\" \/>\n<meta property=\"og:image\" content=\"https:\/\/www.gourmetclassic.de\/wp-content\/uploads\/2020\/06\/genf-genfersee.jpg\" \/>\n<meta name=\"twitter:card\" content=\"summary_large_image\" \/>\n<meta name=\"twitter:label1\" content=\"Gesch\u00e4tzte Lesezeit\" \/>\n\t<meta name=\"twitter:data1\" content=\"1\u00a0Minute\" \/>\n<script type=\"application\/ld+json\" class=\"yoast-schema-graph\">{\"@context\":\"https:\/\/schema.org\",\"@graph\":[{\"@type\":\"WebPage\",\"@id\":\"https:\/\/www.gourmetclassic.de\/home\/regionen\/regionen-in-der-schweiz\/genf\/\",\"url\":\"https:\/\/www.gourmetclassic.de\/home\/regionen\/regionen-in-der-schweiz\/genf\/\",\"name\":\"Genf - Gourmet Classic\",\"isPartOf\":{\"@id\":\"https:\/\/www.gourmetclassic.de\/home\/#website\"},\"primaryImageOfPage\":{\"@id\":\"https:\/\/www.gourmetclassic.de\/home\/regionen\/regionen-in-der-schweiz\/genf\/#primaryimage\"},\"image\":{\"@id\":\"https:\/\/www.gourmetclassic.de\/home\/regionen\/regionen-in-der-schweiz\/genf\/#primaryimage\"},\"thumbnailUrl\":\"https:\/\/www.gourmetclassic.de\/wp-content\/uploads\/2020\/06\/genf-genfersee.jpg\",\"datePublished\":\"2020-06-08T08:12:19+00:00\",\"dateModified\":\"2020-06-08T08:49:05+00:00\",\"breadcrumb\":{\"@id\":\"https:\/\/www.gourmetclassic.de\/home\/regionen\/regionen-in-der-schweiz\/genf\/#breadcrumb\"},\"inLanguage\":\"de\",\"potentialAction\":[{\"@type\":\"ReadAction\",\"target\":[\"https:\/\/www.gourmetclassic.de\/home\/regionen\/regionen-in-der-schweiz\/genf\/\"]}]},{\"@type\":\"ImageObject\",\"inLanguage\":\"de\",\"@id\":\"https:\/\/www.gourmetclassic.de\/home\/regionen\/regionen-in-der-schweiz\/genf\/#primaryimage\",\"url\":\"https:\/\/www.gourmetclassic.de\/wp-content\/uploads\/2020\/06\/genf-genfersee.jpg\",\"contentUrl\":\"https:\/\/www.gourmetclassic.de\/wp-content\/uploads\/2020\/06\/genf-genfersee.jpg\"},{\"@type\":\"BreadcrumbList\",\"@id\":\"https:\/\/www.gourmetclassic.de\/home\/regionen\/regionen-in-der-schweiz\/genf\/#breadcrumb\",\"itemListElement\":[{\"@type\":\"ListItem\",\"position\":1,\"name\":\"Startseite\",\"item\":\"https:\/\/www.gourmetclassic.de\/home\/\"},{\"@type\":\"ListItem\",\"position\":2,\"name\":\"Suche nach Restaurants\/Hotels in Regionen\",\"item\":\"https:\/\/www.gourmetclassic.de\/home\/regionen\/\"},{\"@type\":\"ListItem\",\"position\":3,\"name\":\"Regionen in der Schweiz\",\"item\":\"https:\/\/www.gourmetclassic.de\/home\/regionen\/regionen-in-der-schweiz\/\"},{\"@type\":\"ListItem\",\"position\":4,\"name\":\"Genf\"}]},{\"@type\":\"WebSite\",\"@id\":\"https:\/\/www.gourmetclassic.de\/home\/#website\",\"url\":\"https:\/\/www.gourmetclassic.de\/home\/\",\"name\":\"Gourmet Classic\",\"description\":\"Portal der gehobenen Gastlichkeit\",\"publisher\":{\"@id\":\"https:\/\/www.gourmetclassic.de\/home\/#organization\"},\"potentialAction\":[{\"@type\":\"SearchAction\",\"target\":{\"@type\":\"EntryPoint\",\"urlTemplate\":\"https:\/\/www.gourmetclassic.de\/home\/?s={search_term_string}\"},\"query-input\":{\"@type\":\"PropertyValueSpecification\",\"valueRequired\":true,\"valueName\":\"search_term_string\"}}],\"inLanguage\":\"de\"},{\"@type\":\"Organization\",\"@id\":\"https:\/\/www.gourmetclassic.de\/home\/#organization\",\"name\":\"Gourmet Classic\",\"url\":\"https:\/\/www.gourmetclassic.de\/home\/\",\"logo\":{\"@type\":\"ImageObject\",\"inLanguage\":\"de\",\"@id\":\"https:\/\/www.gourmetclassic.de\/home\/#\/schema\/logo\/image\/\",\"url\":\"https:\/\/www.gourmetclassic.de\/wp-content\/uploads\/2019\/04\/gourmet-classic-logo.jpg\",\"contentUrl\":\"https:\/\/www.gourmetclassic.de\/wp-content\/uploads\/2019\/04\/gourmet-classic-logo.jpg\",\"width\":253,\"height\":123,\"caption\":\"Gourmet Classic\"},\"image\":{\"@id\":\"https:\/\/www.gourmetclassic.de\/home\/#\/schema\/logo\/image\/\"}}]}<\/script>\n<!-- \/ Yoast SEO plugin. -->","yoast_head_json":{"title":"Genf - Gourmet Classic","robots":{"index":"index","follow":"follow","max-snippet":"max-snippet:-1","max-image-preview":"max-image-preview:large","max-video-preview":"max-video-preview:-1"},"canonical":"https:\/\/www.gourmetclassic.de\/home\/regionen\/regionen-in-der-schweiz\/genf\/","og_locale":"de_DE","og_type":"article","og_title":"Genf - Gourmet Classic","og_description":"Genf (franz\u00f6sisch Gen\u00e8ve) ist ein Kanton der Schweiz. Er liegt in der frankophonen Romandie und z\u00e4hlt zur Metropolregion Genf-Lausanne. Der","og_url":"https:\/\/www.gourmetclassic.de\/home\/regionen\/regionen-in-der-schweiz\/genf\/","og_site_name":"Gourmet Classic","article_modified_time":"2020-06-08T08:49:05+00:00","og_image":[{"url":"https:\/\/www.gourmetclassic.de\/wp-content\/uploads\/2020\/06\/genf-genfersee.jpg","type":"","width":"","height":""}],"twitter_card":"summary_large_image","twitter_misc":{"Gesch\u00e4tzte Lesezeit":"1\u00a0Minute"},"schema":{"@context":"https:\/\/schema.org","@graph":[{"@type":"WebPage","@id":"https:\/\/www.gourmetclassic.de\/home\/regionen\/regionen-in-der-schweiz\/genf\/","url":"https:\/\/www.gourmetclassic.de\/home\/regionen\/regionen-in-der-schweiz\/genf\/","name":"Genf - Gourmet Classic","isPartOf":{"@id":"https:\/\/www.gourmetclassic.de\/home\/#website"},"primaryImageOfPage":{"@id":"https:\/\/www.gourmetclassic.de\/home\/regionen\/regionen-in-der-schweiz\/genf\/#primaryimage"},"image":{"@id":"https:\/\/www.gourmetclassic.de\/home\/regionen\/regionen-in-der-schweiz\/genf\/#primaryimage"},"thumbnailUrl":"https:\/\/www.gourmetclassic.de\/wp-content\/uploads\/2020\/06\/genf-genfersee.jpg","datePublished":"2020-06-08T08:12:19+00:00","dateModified":"2020-06-08T08:49:05+00:00","breadcrumb":{"@id":"https:\/\/www.gourmetclassic.de\/home\/regionen\/regionen-in-der-schweiz\/genf\/#breadcrumb"},"inLanguage":"de","potentialAction":[{"@type":"ReadAction","target":["https:\/\/www.gourmetclassic.de\/home\/regionen\/regionen-in-der-schweiz\/genf\/"]}]},{"@type":"ImageObject","inLanguage":"de","@id":"https:\/\/www.gourmetclassic.de\/home\/regionen\/regionen-in-der-schweiz\/genf\/#primaryimage","url":"https:\/\/www.gourmetclassic.de\/wp-content\/uploads\/2020\/06\/genf-genfersee.jpg","contentUrl":"https:\/\/www.gourmetclassic.de\/wp-content\/uploads\/2020\/06\/genf-genfersee.jpg"},{"@type":"BreadcrumbList","@id":"https:\/\/www.gourmetclassic.de\/home\/regionen\/regionen-in-der-schweiz\/genf\/#breadcrumb","itemListElement":[{"@type":"ListItem","position":1,"name":"Startseite","item":"https:\/\/www.gourmetclassic.de\/home\/"},{"@type":"ListItem","position":2,"name":"Suche nach Restaurants\/Hotels in Regionen","item":"https:\/\/www.gourmetclassic.de\/home\/regionen\/"},{"@type":"ListItem","position":3,"name":"Regionen in der Schweiz","item":"https:\/\/www.gourmetclassic.de\/home\/regionen\/regionen-in-der-schweiz\/"},{"@type":"ListItem","position":4,"name":"Genf"}]},{"@type":"WebSite","@id":"https:\/\/www.gourmetclassic.de\/home\/#website","url":"https:\/\/www.gourmetclassic.de\/home\/","name":"Gourmet Classic","description":"Portal der gehobenen Gastlichkeit","publisher":{"@id":"https:\/\/www.gourmetclassic.de\/home\/#organization"},"potentialAction":[{"@type":"SearchAction","target":{"@type":"EntryPoint","urlTemplate":"https:\/\/www.gourmetclassic.de\/home\/?s={search_term_string}"},"query-input":{"@type":"PropertyValueSpecification","valueRequired":true,"valueName":"search_term_string"}}],"inLanguage":"de"},{"@type":"Organization","@id":"https:\/\/www.gourmetclassic.de\/home\/#organization","name":"Gourmet Classic","url":"https:\/\/www.gourmetclassic.de\/home\/","logo":{"@type":"ImageObject","inLanguage":"de","@id":"https:\/\/www.gourmetclassic.de\/home\/#\/schema\/logo\/image\/","url":"https:\/\/www.gourmetclassic.de\/wp-content\/uploads\/2019\/04\/gourmet-classic-logo.jpg","contentUrl":"https:\/\/www.gourmetclassic.de\/wp-content\/uploads\/2019\/04\/gourmet-classic-logo.jpg","width":253,"height":123,"caption":"Gourmet Classic"},"image":{"@id":"https:\/\/www.gourmetclassic.de\/home\/#\/schema\/logo\/image\/"}}]}},"_links":{"self":[{"href":"https:\/\/www.gourmetclassic.de\/home\/wp-json\/wp\/v2\/pages\/2136"}],"collection":[{"href":"https:\/\/www.gourmetclassic.de\/home\/wp-json\/wp\/v2\/pages"}],"about":[{"href":"https:\/\/www.gourmetclassic.de\/home\/wp-json\/wp\/v2\/types\/page"}],"author":[{"embeddable":true,"href":"https:\/\/www.gourmetclassic.de\/home\/wp-json\/wp\/v2\/users\/1"}],"replies":[{"embeddable":true,"href":"https:\/\/www.gourmetclassic.de\/home\/wp-json\/wp\/v2\/comments?post=2136"}],"version-history":[{"count":4,"href":"https:\/\/www.gourmetclassic.de\/home\/wp-json\/wp\/v2\/pages\/2136\/revisions"}],"predecessor-version":[{"id":2168,"href":"https:\/\/www.gourmetclassic.de\/home\/wp-json\/wp\/v2\/pages\/2136\/revisions\/2168"}],"up":[{"embeddable":true,"href":"https:\/\/www.gourmetclassic.de\/home\/wp-json\/wp\/v2\/pages\/155"}],"wp:attachment":[{"href":"https:\/\/www.gourmetclassic.de\/home\/wp-json\/wp\/v2\/media?parent=2136"}],"curies":[{"name":"wp","href":"https:\/\/api.w.org\/{rel}","templated":true}]}}