{"id":341,"date":"2019-04-16T16:48:23","date_gmt":"2019-04-16T14:48:23","guid":{"rendered":"https:\/\/www.gourmetclassic.de\/home\/?page_id=341"},"modified":"2024-01-30T14:36:13","modified_gmt":"2024-01-30T13:36:13","slug":"eifel","status":"publish","type":"page","link":"https:\/\/www.gourmetclassic.de\/home\/regionen\/regionen-in-deutschland\/eifel\/","title":{"rendered":"Eifel"},"content":{"rendered":"<p><img loading=\"lazy\" decoding=\"async\" class=\"alignnone size-full wp-image-1561\" title=\"Die mit Wasser gef\u00fcllten Maare sind das Markenzeichen der Vulkaneifel\" src=\"https:\/\/www.gourmetclassic.de\/wp-content\/uploads\/2020\/05\/eifel-maar_1.jpg\" alt=\"Die mit Wasser gef\u00fcllten Maare sind das Markenzeichen der Vulkaneifel\" width=\"1920\" height=\"800\" srcset=\"https:\/\/www.gourmetclassic.de\/wp-content\/uploads\/2020\/05\/eifel-maar_1.jpg 1920w, https:\/\/www.gourmetclassic.de\/wp-content\/uploads\/2020\/05\/eifel-maar_1-768x320.jpg 768w, https:\/\/www.gourmetclassic.de\/wp-content\/uploads\/2020\/05\/eifel-maar_1-1536x640.jpg 1536w\" sizes=\"(max-width: 1920px) 100vw, 1920px\" \/><br \/>\n<img loading=\"lazy\" decoding=\"async\" class=\"size-full wp-image-1438 alignleft\" title=\"Eifel\" src=\"https:\/\/www.gourmetclassic.de\/wp-content\/uploads\/2020\/05\/eifel_400.png\" alt=\"Eifel\" width=\"400\" height=\"400\" \/>Die Eifel ist der deutsche Teil eines bis zu 747 m hohen Mittelgebirges in Rheinland-Pfalz und Nordrhein-Westfalen (Deutschland), dessen Fortsatz in Belgien und Luxemburg die Ardennen sind. Dieses grenz\u00fcberschreitende Gebirge ist Teil des Rheinischen Schiefergebirges.<\/p>\n<p>Die Eifel liegt zwischen Aachen im Norden, Trier im S\u00fcden und Koblenz im Osten. Sie f\u00e4llt im Nordosten entlang der Linie Aachen\u2013D\u00fcren\u2013Bonn zur Niederrheinischen Bucht ab. Im Osten und S\u00fcden wird sie vom Rhein- und Moseltal begrenzt. Westw\u00e4rts geht sie in Belgien und Luxemburg in die geologisch verwandten Ardennen und das Luxemburger \u00d6sling \u00fcber. Sie liegt in Rheinland-Pfalz und Nordrhein-Westfalen und ber\u00fchrt den Raum Eupen\u2013Sankt Vith\u2013Luxemburg. Die h\u00f6chste Erhebung ist der Vulkankegel Hohe Acht (746,9 m). Urspr\u00fcnglich bezeichnete der karolingische Eifelgau nur ann\u00e4hernd das Gebiet um die Quellen der Fl\u00fcsse Ahr, Kyll, Urft und Erft. Der Name wurde in j\u00fcngerer Zeit auf die gesamte Region \u00fcbertragen. (Quelle: <a href=\"https:\/\/de.wikipedia.org\/wiki\/Eifel\" target=\"_blank\" rel=\"noopener noreferrer\">Wikipedia<\/a>)<\/p>\n<div id=\"footable_parent_3874\"\n         class=\" footable_parent ninja_table_wrapper loading_ninja_table wp_table_data_press_parent semantic_ui \">\n                <table data-ninja_table_instance=\"ninja_table_instance_0\" data-footable_id=\"3874\" data-filter-delay=\"1000\" aria-label=\"Rest-DE-kopie\"            id=\"footable_3874\"\n           data-unique_identifier=\"ninja_table_unique_id_3896227582_3874\"\n           class=\" foo-table ninja_footable foo_table_3874 ninja_table_unique_id_3896227582_3874 ui table  ninja_has_count_format ninja_search_right nt_type_ajax_table selectable striped vertical_centered  footable-paging-right ninja_table_pro ninja_table_afd_columns ninja_table_afcs_columns_2 ninja_table_afcl_new_line ninja_table_has_custom_filter\">\n                <colgroup>\n                            <col class=\"ninja_column_0 \">\n                            <col class=\"ninja_column_1 \">\n                            <col class=\"ninja_column_2 \">\n                            <col class=\"ninja_column_3 \">\n                            <col class=\"ninja_column_4 \">\n                            <col class=\"ninja_column_5 \">\n                            <col class=\"ninja_column_6 \">\n                            <col class=\"ninja_column_7 xs sm md lg\">\n                            <col class=\"ninja_column_8 \">\n                            <col class=\"ninja_column_9 xs sm md lg\">\n                            <col class=\"ninja_column_10 \">\n                            <col class=\"ninja_column_11 \">\n                            <col class=\"ninja_column_12 xs sm md lg\">\n                            <col class=\"ninja_column_13 xs sm md lg\">\n                    <\/colgroup>\n            <\/table>\n    \n    \n    \n<\/div>\n\n","protected":false},"excerpt":{"rendered":"<p>Die Eifel ist der deutsche Teil eines bis zu 747 m hohen Mittelgebirges in Rheinland-Pfalz und Nordrhein-Westfalen (Deutschland), dessen Fortsatz<\/p>\n","protected":false},"author":1,"featured_media":0,"parent":151,"menu_order":0,"comment_status":"closed","ping_status":"closed","template":"","meta":{"footnotes":""},"class_list":["post-341","page","type-page","status-publish","hentry"],"yoast_head":"<!-- This site is optimized with the Yoast SEO plugin v25.6 - https:\/\/yoast.com\/wordpress\/plugins\/seo\/ -->\n<title>Eifel - Gourmet Classic<\/title>\n<meta name=\"robots\" content=\"index, follow, max-snippet:-1, max-image-preview:large, max-video-preview:-1\" \/>\n<link rel=\"canonical\" href=\"https:\/\/www.gourmetclassic.de\/home\/regionen\/regionen-in-deutschland\/eifel\/\" \/>\n<meta property=\"og:locale\" content=\"de_DE\" \/>\n<meta property=\"og:type\" content=\"article\" \/>\n<meta property=\"og:title\" content=\"Eifel - Gourmet Classic\" \/>\n<meta property=\"og:description\" content=\"Die Eifel ist der deutsche Teil eines bis zu 747 m hohen Mittelgebirges in Rheinland-Pfalz und Nordrhein-Westfalen (Deutschland), dessen Fortsatz\" \/>\n<meta property=\"og:url\" content=\"https:\/\/www.gourmetclassic.de\/home\/regionen\/regionen-in-deutschland\/eifel\/\" \/>\n<meta property=\"og:site_name\" content=\"Gourmet Classic\" \/>\n<meta property=\"article:modified_time\" content=\"2024-01-30T13:36:13+00:00\" \/>\n<meta property=\"og:image\" content=\"https:\/\/www.gourmetclassic.de\/wp-content\/uploads\/2020\/05\/eifel-maar_1.jpg\" \/>\n<meta name=\"twitter:card\" content=\"summary_large_image\" \/>\n<meta name=\"twitter:label1\" content=\"Gesch\u00e4tzte Lesezeit\" \/>\n\t<meta name=\"twitter:data1\" content=\"2\u00a0Minuten\" \/>\n<script type=\"application\/ld+json\" class=\"yoast-schema-graph\">{\"@context\":\"https:\/\/schema.org\",\"@graph\":[{\"@type\":\"WebPage\",\"@id\":\"https:\/\/www.gourmetclassic.de\/home\/regionen\/regionen-in-deutschland\/eifel\/\",\"url\":\"https:\/\/www.gourmetclassic.de\/home\/regionen\/regionen-in-deutschland\/eifel\/\",\"name\":\"Eifel - Gourmet Classic\",\"isPartOf\":{\"@id\":\"https:\/\/www.gourmetclassic.de\/home\/#website\"},\"primaryImageOfPage\":{\"@id\":\"https:\/\/www.gourmetclassic.de\/home\/regionen\/regionen-in-deutschland\/eifel\/#primaryimage\"},\"image\":{\"@id\":\"https:\/\/www.gourmetclassic.de\/home\/regionen\/regionen-in-deutschland\/eifel\/#primaryimage\"},\"thumbnailUrl\":\"https:\/\/www.gourmetclassic.de\/wp-content\/uploads\/2020\/05\/eifel-maar_1.jpg\",\"datePublished\":\"2019-04-16T14:48:23+00:00\",\"dateModified\":\"2024-01-30T13:36:13+00:00\",\"breadcrumb\":{\"@id\":\"https:\/\/www.gourmetclassic.de\/home\/regionen\/regionen-in-deutschland\/eifel\/#breadcrumb\"},\"inLanguage\":\"de\",\"potentialAction\":[{\"@type\":\"ReadAction\",\"target\":[\"https:\/\/www.gourmetclassic.de\/home\/regionen\/regionen-in-deutschland\/eifel\/\"]}]},{\"@type\":\"ImageObject\",\"inLanguage\":\"de\",\"@id\":\"https:\/\/www.gourmetclassic.de\/home\/regionen\/regionen-in-deutschland\/eifel\/#primaryimage\",\"url\":\"https:\/\/www.gourmetclassic.de\/wp-content\/uploads\/2020\/05\/eifel-maar_1.jpg\",\"contentUrl\":\"https:\/\/www.gourmetclassic.de\/wp-content\/uploads\/2020\/05\/eifel-maar_1.jpg\"},{\"@type\":\"BreadcrumbList\",\"@id\":\"https:\/\/www.gourmetclassic.de\/home\/regionen\/regionen-in-deutschland\/eifel\/#breadcrumb\",\"itemListElement\":[{\"@type\":\"ListItem\",\"position\":1,\"name\":\"Startseite\",\"item\":\"https:\/\/www.gourmetclassic.de\/home\/\"},{\"@type\":\"ListItem\",\"position\":2,\"name\":\"Suche nach Restaurants\/Hotels in Regionen\",\"item\":\"https:\/\/www.gourmetclassic.de\/home\/regionen\/\"},{\"@type\":\"ListItem\",\"position\":3,\"name\":\"Regionen in Deutschland\",\"item\":\"https:\/\/www.gourmetclassic.de\/home\/regionen\/regionen-in-deutschland\/\"},{\"@type\":\"ListItem\",\"position\":4,\"name\":\"Eifel\"}]},{\"@type\":\"WebSite\",\"@id\":\"https:\/\/www.gourmetclassic.de\/home\/#website\",\"url\":\"https:\/\/www.gourmetclassic.de\/home\/\",\"name\":\"Gourmet Classic\",\"description\":\"Portal der gehobenen Gastlichkeit\",\"publisher\":{\"@id\":\"https:\/\/www.gourmetclassic.de\/home\/#organization\"},\"potentialAction\":[{\"@type\":\"SearchAction\",\"target\":{\"@type\":\"EntryPoint\",\"urlTemplate\":\"https:\/\/www.gourmetclassic.de\/home\/?s={search_term_string}\"},\"query-input\":{\"@type\":\"PropertyValueSpecification\",\"valueRequired\":true,\"valueName\":\"search_term_string\"}}],\"inLanguage\":\"de\"},{\"@type\":\"Organization\",\"@id\":\"https:\/\/www.gourmetclassic.de\/home\/#organization\",\"name\":\"Gourmet Classic\",\"url\":\"https:\/\/www.gourmetclassic.de\/home\/\",\"logo\":{\"@type\":\"ImageObject\",\"inLanguage\":\"de\",\"@id\":\"https:\/\/www.gourmetclassic.de\/home\/#\/schema\/logo\/image\/\",\"url\":\"https:\/\/www.gourmetclassic.de\/wp-content\/uploads\/2019\/04\/gourmet-classic-logo.jpg\",\"contentUrl\":\"https:\/\/www.gourmetclassic.de\/wp-content\/uploads\/2019\/04\/gourmet-classic-logo.jpg\",\"width\":253,\"height\":123,\"caption\":\"Gourmet Classic\"},\"image\":{\"@id\":\"https:\/\/www.gourmetclassic.de\/home\/#\/schema\/logo\/image\/\"}}]}<\/script>\n<!-- \/ Yoast SEO plugin. -->","yoast_head_json":{"title":"Eifel - Gourmet Classic","robots":{"index":"index","follow":"follow","max-snippet":"max-snippet:-1","max-image-preview":"max-image-preview:large","max-video-preview":"max-video-preview:-1"},"canonical":"https:\/\/www.gourmetclassic.de\/home\/regionen\/regionen-in-deutschland\/eifel\/","og_locale":"de_DE","og_type":"article","og_title":"Eifel - Gourmet Classic","og_description":"Die Eifel ist der deutsche Teil eines bis zu 747 m hohen Mittelgebirges in Rheinland-Pfalz und Nordrhein-Westfalen (Deutschland), dessen Fortsatz","og_url":"https:\/\/www.gourmetclassic.de\/home\/regionen\/regionen-in-deutschland\/eifel\/","og_site_name":"Gourmet Classic","article_modified_time":"2024-01-30T13:36:13+00:00","og_image":[{"url":"https:\/\/www.gourmetclassic.de\/wp-content\/uploads\/2020\/05\/eifel-maar_1.jpg","type":"","width":"","height":""}],"twitter_card":"summary_large_image","twitter_misc":{"Gesch\u00e4tzte Lesezeit":"2\u00a0Minuten"},"schema":{"@context":"https:\/\/schema.org","@graph":[{"@type":"WebPage","@id":"https:\/\/www.gourmetclassic.de\/home\/regionen\/regionen-in-deutschland\/eifel\/","url":"https:\/\/www.gourmetclassic.de\/home\/regionen\/regionen-in-deutschland\/eifel\/","name":"Eifel - Gourmet Classic","isPartOf":{"@id":"https:\/\/www.gourmetclassic.de\/home\/#website"},"primaryImageOfPage":{"@id":"https:\/\/www.gourmetclassic.de\/home\/regionen\/regionen-in-deutschland\/eifel\/#primaryimage"},"image":{"@id":"https:\/\/www.gourmetclassic.de\/home\/regionen\/regionen-in-deutschland\/eifel\/#primaryimage"},"thumbnailUrl":"https:\/\/www.gourmetclassic.de\/wp-content\/uploads\/2020\/05\/eifel-maar_1.jpg","datePublished":"2019-04-16T14:48:23+00:00","dateModified":"2024-01-30T13:36:13+00:00","breadcrumb":{"@id":"https:\/\/www.gourmetclassic.de\/home\/regionen\/regionen-in-deutschland\/eifel\/#breadcrumb"},"inLanguage":"de","potentialAction":[{"@type":"ReadAction","target":["https:\/\/www.gourmetclassic.de\/home\/regionen\/regionen-in-deutschland\/eifel\/"]}]},{"@type":"ImageObject","inLanguage":"de","@id":"https:\/\/www.gourmetclassic.de\/home\/regionen\/regionen-in-deutschland\/eifel\/#primaryimage","url":"https:\/\/www.gourmetclassic.de\/wp-content\/uploads\/2020\/05\/eifel-maar_1.jpg","contentUrl":"https:\/\/www.gourmetclassic.de\/wp-content\/uploads\/2020\/05\/eifel-maar_1.jpg"},{"@type":"BreadcrumbList","@id":"https:\/\/www.gourmetclassic.de\/home\/regionen\/regionen-in-deutschland\/eifel\/#breadcrumb","itemListElement":[{"@type":"ListItem","position":1,"name":"Startseite","item":"https:\/\/www.gourmetclassic.de\/home\/"},{"@type":"ListItem","position":2,"name":"Suche nach Restaurants\/Hotels in Regionen","item":"https:\/\/www.gourmetclassic.de\/home\/regionen\/"},{"@type":"ListItem","position":3,"name":"Regionen in Deutschland","item":"https:\/\/www.gourmetclassic.de\/home\/regionen\/regionen-in-deutschland\/"},{"@type":"ListItem","position":4,"name":"Eifel"}]},{"@type":"WebSite","@id":"https:\/\/www.gourmetclassic.de\/home\/#website","url":"https:\/\/www.gourmetclassic.de\/home\/","name":"Gourmet Classic","description":"Portal der gehobenen Gastlichkeit","publisher":{"@id":"https:\/\/www.gourmetclassic.de\/home\/#organization"},"potentialAction":[{"@type":"SearchAction","target":{"@type":"EntryPoint","urlTemplate":"https:\/\/www.gourmetclassic.de\/home\/?s={search_term_string}"},"query-input":{"@type":"PropertyValueSpecification","valueRequired":true,"valueName":"search_term_string"}}],"inLanguage":"de"},{"@type":"Organization","@id":"https:\/\/www.gourmetclassic.de\/home\/#organization","name":"Gourmet Classic","url":"https:\/\/www.gourmetclassic.de\/home\/","logo":{"@type":"ImageObject","inLanguage":"de","@id":"https:\/\/www.gourmetclassic.de\/home\/#\/schema\/logo\/image\/","url":"https:\/\/www.gourmetclassic.de\/wp-content\/uploads\/2019\/04\/gourmet-classic-logo.jpg","contentUrl":"https:\/\/www.gourmetclassic.de\/wp-content\/uploads\/2019\/04\/gourmet-classic-logo.jpg","width":253,"height":123,"caption":"Gourmet Classic"},"image":{"@id":"https:\/\/www.gourmetclassic.de\/home\/#\/schema\/logo\/image\/"}}]}},"_links":{"self":[{"href":"https:\/\/www.gourmetclassic.de\/home\/wp-json\/wp\/v2\/pages\/341"}],"collection":[{"href":"https:\/\/www.gourmetclassic.de\/home\/wp-json\/wp\/v2\/pages"}],"about":[{"href":"https:\/\/www.gourmetclassic.de\/home\/wp-json\/wp\/v2\/types\/page"}],"author":[{"embeddable":true,"href":"https:\/\/www.gourmetclassic.de\/home\/wp-json\/wp\/v2\/users\/1"}],"replies":[{"embeddable":true,"href":"https:\/\/www.gourmetclassic.de\/home\/wp-json\/wp\/v2\/comments?post=341"}],"version-history":[{"count":9,"href":"https:\/\/www.gourmetclassic.de\/home\/wp-json\/wp\/v2\/pages\/341\/revisions"}],"predecessor-version":[{"id":1559,"href":"https:\/\/www.gourmetclassic.de\/home\/wp-json\/wp\/v2\/pages\/341\/revisions\/1559"}],"up":[{"embeddable":true,"href":"https:\/\/www.gourmetclassic.de\/home\/wp-json\/wp\/v2\/pages\/151"}],"wp:attachment":[{"href":"https:\/\/www.gourmetclassic.de\/home\/wp-json\/wp\/v2\/media?parent=341"}],"curies":[{"name":"wp","href":"https:\/\/api.w.org\/{rel}","templated":true}]}}