{"id":3439,"date":"2021-06-03T15:53:15","date_gmt":"2021-06-03T13:53:15","guid":{"rendered":"https:\/\/www.gourmetclassic.de\/home\/?page_id=3439"},"modified":"2023-03-27T15:46:41","modified_gmt":"2023-03-27T13:46:41","slug":"weinanbaugebiet-kamptal","status":"publish","type":"page","link":"https:\/\/www.gourmetclassic.de\/home\/winzer\/winzer-oesterreich\/weinanbaugebiet-kamptal\/","title":{"rendered":"Weinanbaugebiet Kamptal"},"content":{"rendered":"<h6>Unsere Winzerportr\u00e4ts aus dem Weinanbaugebiet Kamptal<\/h6>\n<p>In unserem Gourmet Classic Journal stellen wir in loser Folge Weing\u00fcter und Sektkellereien aus allen \u00f6sterreichischen Anbaugebieten vor. Hier pr\u00e4sentieren wir die Portr\u00e4ts der letzten Jahre aus dem Weinanbaugebiet Kamptal<\/p>\n<ul>\n<li>Weingut Weixelbaum in Stra\u00df<\/li>\n<li>Weingut Johann Topf in Stra\u00df<\/li>\n<li>Weingut Eichinger in Stra\u00df<\/li>\n<li>Weingut Allram in Stra\u00df<\/li>\n<li>Weingut Weszeli in Langenlois<\/li>\n<li>Weingut Br\u00fcndlmayer in Langenlois<\/li>\n<li>Weingut Brandl in Z\u00f6bing<\/li>\n<li>Weingut Jurtschitsch in Langenlois<\/li>\n<li>Weingut Schloss Gobelsburg<\/li>\n<\/ul>\n<hr \/>\n<h5>IN VINO WEIX<\/h5>\n<p><a href=\"https:\/\/www.gourmetclassic.de\/newsletter\/weixelbaum_800.jpg\" rel=\"journal\"><img decoding=\"async\" class=\"alignleft\" style=\"margin-top: 8px; margin-bottom: 0px;\" title=\"Weingut Weixelbaum im Kamptal\" src=\"https:\/\/www.gourmetclassic.de\/newsletter\/weixelbaum_250.jpg\" alt=\"Weingut Weixelbaum im Kamptal\" width=\"250\" \/><\/a><strong>Weingut Weixelbaum im Kamptal: <\/strong>Im lebhaften Zwiegespr\u00e4ch mit der Natur, ganzheitlich und pers\u00f6nlich &#8211; so wird das Familienweingut in Strass bereits in dritter Generation betrieben. Die Vergangenheit gibt R\u00fcckendeckung, Bodenhaftung und wertvolle Sch\u00e4tze f\u00fcr die Vinothek. In die Zukunft schaut man gemeinsam mit den Kindern Theresa und Pauli, die beim &quot;Familienrat&quot; im Weingarten bereits mitreden, welche Rebsorten ausgepflanzt werden. Auf 28 ha Rebfl\u00e4che im Weinbaugebiet Kamptal hegt und pflegt man 110.000 Rebst\u00f6cke. Der Schwerpunkt liegt auf Wei\u00dfwein, abgerundet durch ein kleines, feines Sortiment in Rot. Ausgezeichnet durch Qualit\u00e4tssiegel, besonders aber durch treue Kunden von Wien bis Los Angeles beruht der Erfolg des Weinguts auf ganzheitlichen, \u00f6kologischen Grunds\u00e4tzen.<\/p>\n<p><a href=\"https:\/\/www.gourmetclassic.de\/gourmet\/gourmet_post\/pdf\/GJ_2023_04_weixelbaum.pdf\" target=\"_blank\" rel=\"noopener noreferrer\">Mehr Infos im Artikel des Gourmet Classic Journal Ausgabe April 2023 (pdf)<\/a><\/p>\n<hr \/>\n<h5>Weingut Johann Topf in Stra\u00df im Kamptal<\/h5>\n<p><a href=\"https:\/\/www.gourmetclassic.de\/newsletter\/weingut_topf_800.jpg\" rel=\"journal\"><img decoding=\"async\" class=\"alignleft\" style=\"margin-top: 8px; margin-bottom: 0px;\" title=\"Weingut Johann Topf in Stra\u00df im Kamptal\" src=\"https:\/\/www.gourmetclassic.de\/newsletter\/weingut_topf_250.jpg\" alt=\"Weingut Johann Topf in Stra\u00df im Kamptal\" width=\"250\" \/><\/a><strong>Gro\u00dfe Weine \u2013 gro\u00dfe Pers\u00f6nlichkeiten aus gro\u00dfen Lagen:<\/strong> Im s\u00fcdlichen Kamptal, am Fu\u00dfe des Gaisbergs findet man im malerischen Ort Stra\u00df das Traditionsweingut der Familie Topf. Dort, wo seit 5 Generationen Wissen und Leidenschaft stetig weitergegeben werden, entstehen Weine von einzigartiger Handschrift. Der Name Johann Topf steht f\u00fcr eine Geschichte, die bis in die Zeiten vor der Franz\u00f6sischen Revolution zur\u00fcckreicht. Seit 1751 befindet sich das Weingut samt L\u00e4ndereien im Familienbesitz. Johann Topf senior f\u00fcllte 1960 erstmals Wein in Flaschen und machte sie den Freunden des Weingenusses zug\u00e4nglich. Damit war er nicht nur der erste in seiner Familiengeschichte, sondern nahm auch im Kamptal eine Vorreiterstellung ein &#8230;<\/p>\n<p><a href=\"https:\/\/www.gourmetclassic.de\/gourmet\/gourmet_post\/pdf\/GJ_2019_04_weingut_topf.pdf\" target=\"_blank\" rel=\"noopener noreferrer\">Mehr Infos im Artikel des Gourmet Classic Journal Ausgabe April 2019 (pdf)<\/a><\/p>\n<hr \/>\n<h5>Weingut Eichinger in Stra\u00df im Kamptal<\/h5>\n<p><a href=\"https:\/\/www.gourmetclassic.de\/newsletter\/eichinger_800.jpg\" rel=\"journal\"><img decoding=\"async\" class=\"alignleft\" style=\"margin-top: 8px; margin-bottom: 0px;\" title=\"Weingut Eichinger in Stra\u00df im Kamptal\" src=\"https:\/\/www.gourmetclassic.de\/newsletter\/eichinger_250.jpg\" alt=\"Weingut Eichinger in Stra\u00df im Kamptal\" width=\"250\" \/><\/a><strong>Hinter dem Wein steht derMensch \u2026<\/strong> der ihn mit der Natur erschaffen hat. Birgit Eichinger ist Winzerin mit gro\u00dfer Behutsamkeit, Konsequenz und Gesp\u00fcr, und gleichzeitig tief verwurzelt in ihrer Heimat, dem Kamptal. Sie ist Inbegriff f\u00fcr hochelegante und charakterstarke Weine. F\u00fcr Birgit entstehen gro\u00dfe Weine im Kopf und im Herzen. Weiterentwicklung nicht Stillstand, Individualit\u00e4t statt Mainstream sind ihr Credo. Unterst\u00fctzt wird sie von ihrem Mann Christian und ihrer Tochter Gloria. Erfolg braucht Raum. Daher ist der Betrieb seit seiner Gr\u00fcndung 1992 auf heute 15 Hektar\u00a0 gewachsen &#8211; das nat\u00fcrlich in den besten Kamptaler Rieden &#8230;<\/p>\n<p><a href=\"https:\/\/www.gourmetclassic.de\/gourmet\/gourmet_post\/pdf\/GJ_2018_12_weingut_eichinger.pdf\" target=\"_blank\" rel=\"noopener noreferrer\">Mehr Infos im Artikel des Gourmet Classic Journal Ausgabe Dezember 2018 (pdf)<\/a><\/p>\n<hr \/>\n<h5>Weingut Allram in Stra\u00df<\/h5>\n<p><a href=\"https:\/\/www.gourmetclassic.de\/newsletter\/allram_800.jpg\" rel=\"journal\"><img decoding=\"async\" class=\"alignleft\" style=\"margin-top: 8px; margin-bottom: 0px;\" title=\"Weingut Allram in Stra\u00df\" src=\"https:\/\/www.gourmetclassic.de\/newsletter\/allram_250.jpg\" alt=\"Weingut Allram in Stra\u00df\" width=\"250\" \/><\/a><strong>Traditionsweingut Allram:<\/strong> Das Traditionsweingut Allram<br \/>\nliegt im Herzen des Weinbaugebietes Kamptal, im malerischen Ort Stra\u00df im Stra\u00dfertal. Das Weingut z\u00e4hlt zu jenen Betrieben, die sich durch jahrzehntelange konsequente Qualit\u00e4tsarbeit an der Spitze des \u00f6sterreichischen Weinbaus etabliert haben. Oberstes Ziel der Winzer ist die Produktion von naturnahen Weinen h\u00f6chster Qualit\u00e4t unter Ausnutzung traditioneller Werte, Erfahrung und<br \/>\nVerwendung bew\u00e4hrterMethoden. Der Grundstein f\u00fcr die Produktion herausragender Weine wird dabei bereits im Weingarten gelegt. Spricht man von Allram, so kommen man an Lagen wie Heiligenstein, Gaisberg und Renner nicht vorbei &#8230;<\/p>\n<p><a href=\"https:\/\/www.gourmetclassic.de\/gourmet\/gourmet_post\/pdf\/GJ_2018_12_weingut_allram.pdf\" target=\"_blank\" rel=\"noopener noreferrer\">Mehr Infos im Artikel des Gourmet Classic Journal Ausgabe Dezember 2018 (pdf)<\/a><\/p>\n<hr \/>\n<h5>Weingut Weszeli in Langenlois<\/h5>\n<p><a href=\"https:\/\/www.gourmetclassic.de\/newsletter\/weszeli_800.jpg\" rel=\"journal\"><img decoding=\"async\" class=\"alignleft\" style=\"margin-top: 8px; margin-bottom: 0px;\" title=\"Weingut Weszeli in Langenlois\" src=\"https:\/\/www.gourmetclassic.de\/newsletter\/weszeli_250.jpg\" alt=\"Weingut Weszeli in Langenlois\" width=\"250\" \/><\/a><strong>Gereifte Gr\u00fcne Veltliner &amp; Rieslinge aus den besten Lagen des Kamptals:<\/strong> Die G\u00e4rten des Weinguts Weszeli spannen sich rund um Langenlois. Auf 30 Hektar werden Gr\u00fcne Veltliner und Rieslinge mit h\u00f6chstem Anspruch gezogen. Die Tradition des Weinguts reicht bis ins Jahr 1679 zur\u00fcck. Davis Weszeli verbindet das alte Familienwissen mit seiner eigenen Philosophie, dem Prinzip Terrafactum: Er stellt den Weingarten selbst ins Zentrum der Arbeit \u2013 dort formt er den Charakter seiner Weine. Nach allen Kr\u00e4ften unterst\u00fctzt er die Balance von Flora und Fauna und l\u00e4sst bei der puristischen Vinifikation den gleichen Respekt walten. Weszeli Weine \u2013 pur, ehrlich, unverf\u00e4lscht &#8230;<\/p>\n<p><a href=\"https:\/\/www.gourmetclassic.de\/gourmet\/gourmet_post\/pdf\/GJ_2018_12_weingut_weszeli.pdf\" target=\"_blank\" rel=\"noopener noreferrer\">Mehr Infos im Artikel des Gourmet Classic Journal Ausgabe Dezember 2018 (pdf)<\/a><\/p>\n<hr \/>\n<h5>Weingut Br\u00fcndlmayer in Langenlois<\/h5>\n<p><a href=\"https:\/\/www.gourmetclassic.de\/newsletter\/bruendlmayer_800.jpg\" rel=\"journal\"><img decoding=\"async\" class=\"alignleft\" style=\"margin-top: 8px; margin-bottom: 0px;\" title=\"Weingut Br\u00fcndlmayer in Langenlois\" src=\"https:\/\/www.gourmetclassic.de\/newsletter\/bruendlmayer_250.jpg\" alt=\"Weingut Br\u00fcndlmayer in Langenlois\" width=\"250\" \/><\/a><strong>Kamptaler Sch\u00e4tze:<\/strong> In den Weing\u00e4rten rund um Langenlois ist seit Ende Oktober Ruhe eingekehrt. Vereinzelte, zur\u00fcckgelassene Trauben haben unter den V\u00f6geln, dem Wild und manch hungrigem Wanderer dankbare Genie\u00dfer gefunden. Die Natur hat Willi Br\u00fcndlmayers wunderbare Kamptaler Weing\u00e4rten in diesem Jahr mit viel Sonne verw\u00f6hnt. Da auch der Regen zur rechten Zeit den Stress der Reben mildern konnte, ist man im Weingut zuversichtlich, dass der Wein auch in diesem Jahrgang seinem Namen gerecht werden wird &#8230;<\/p>\n<p><a href=\"https:\/\/www.gourmetclassic.de\/gourmet\/gourmet_post\/pdf\/GJ_2018_11_bruendlmayer.pdf\" target=\"_blank\" rel=\"noopener noreferrer\">Mehr Infos im Artikel des Gourmet Classic Journal Ausgabe November 2018 (pdf)<\/a><\/p>\n<hr \/>\n<h5>Weingut Brandl in Z\u00f6bing<\/h5>\n<p><a href=\"https:\/\/www.gourmetclassic.de\/newsletter\/brandl_800.jpg\" rel=\"journal\"><img decoding=\"async\" class=\"alignleft\" style=\"margin-top: 8px; margin-bottom: 0px;\" title=\"Weingut Brandl in Z\u00f6bing\" src=\"https:\/\/www.gourmetclassic.de\/newsletter\/brandl_250.jpg\" alt=\"Weingut Brandl in Z\u00f6bing\" width=\"250\" \/><\/a><strong>Winzer &#8211; Klima &#8211; Terroir:<\/strong> Das Weingut liegt im Weinort Z\u00f6bing im Herzen des Kamptals. Dort wo der Kampfluss das enge Tal des Waldviertels verl\u00e4sst und sich nach S\u00fcden hin \u00f6ffnet. Die unterschiedlichen B\u00f6den, vom Waldviertler Gneiss bis zum einzigartigen Sandsteinkonglomerat des Heiligensteins, bilden die Grundlage f\u00fcr ausdrucksvolle, mineralische Weine des Kamptales. Das Mikroklima tut das seine dazu. Denn nachts erfrischen kalte Nordwinde die Rebfl\u00e4chen und tags\u00fcber strahlt die Sonne ihre Energie an Bergh\u00e4nge und Terrassen. Diese Gegens\u00e4tze, sowie die ausgleichende Ruhe des Kampflusses, pr\u00e4gen die Feinfruchtigkeit und Eleganz der Weine &#8230;<\/p>\n<p><a href=\"https:\/\/www.gourmetclassic.de\/gourmet\/gourmet_post\/pdf\/GJ_2018_11_weingut_brandl.pdf\" target=\"_blank\" rel=\"noopener noreferrer\">Mehr Infos im Artikel des Gourmet Classic Journal Ausgabe November 2018 (pdf)<\/a><\/p>\n<hr \/>\n<h5>Weingut Jurtschitsch in Langenlois<\/h5>\n<p><a href=\"https:\/\/www.gourmetclassic.de\/newsletter\/jurtschitsch_800.jpg\" rel=\"journal\"><img decoding=\"async\" class=\"alignleft\" style=\"margin-top: 8px; margin-bottom: 0px;\" title=\"Weingut Jurtschitsch in Langenlois\" src=\"https:\/\/www.gourmetclassic.de\/newsletter\/jurtschitsch_250.jpg\" alt=\"Weingut Jurtschitsch in Langenlois\" width=\"250\" \/><\/a><strong>Eleganz und Filigranit\u00e4t:<\/strong> Tradition und Erfahrungswissen der Eltern und Gro\u00dfeltern sind die Basis und St\u00e4rke jedes Familienweingutes. Trotzdem liegt die Zukunft in den H\u00e4nden der jungen Winzer. Seit geraumer Zeit leiten Alwin und Stefanie Jurtschitsch nun die Geschicke des Weingutes und interpretieren den Anspruch auf Spitzenwein auf ihre Weise neu. F\u00fcr die beiden bedeutet das, m\u00f6glichst authentische, komplexe und terroirspezifische Weine mit k\u00fchler, eleganter Stilistik zu vinifizieren \u2013 also den Langenloiser Lagen individuell Ausdruck zu verleihen. Jede Generation von Weinbauern muss ihr Terroir aufs Neue entdecken und f\u00fcr sich ganz pers\u00f6nlich interpretieren &#8230;<\/p>\n<p><a href=\"https:\/\/www.gourmetclassic.de\/gourmet\/gourmet_post\/pdf\/GJ_2015_12_weingut_jurtschitsch.pdf\" target=\"_blank\" rel=\"noopener noreferrer\">Mehr Infos im Artikel des Gourmet Classic Journal Ausgabe Dezember 2015 (pdf)<\/a><\/p>\n<hr \/>\n<h5>Weingut Schloss Gobelsburg<\/h5>\n<p><a href=\"https:\/\/www.gourmetclassic.de\/newsletter\/gobelsburg_800.jpg\" rel=\"journal\"><img decoding=\"async\" class=\"alignleft\" style=\"margin-top: 8px; margin-bottom: 0px;\" title=\"Weingut Schloss Gobelsburg\" src=\"https:\/\/www.gourmetclassic.de\/newsletter\/gobelsburg_250.jpg\" alt=\"Weingut Schloss Gobelsburg\" width=\"250\" \/><\/a><strong>WeinKULTURerbe \u00d6sterreichs:<\/strong> Die Geschichte von Gobelsburg, das sich malerisch in die sanften Terrassenweing\u00e4rten der Donauregion Kamptal einbettet, geht auf die vorkeltische Zeit zur\u00fcck. Bereits im Jahre 1074 findet die erste urkundliche Erw\u00e4hnung von Schloss Gobelsburg statt. Seit 1171 bewirtschafteten die aus Burgund kommenden Zisterzienserm\u00f6nche Weing\u00e4rten, die heute noch zum Weingut geh\u00f6ren. Sie erhielten 1171 einen kleinen Wirtschaftshof, der die Tradition des Weinguts begr\u00fcndet. Heute ist SCHLOSS GOBELSBURG das \u00e4lteste kontinuierlich gef\u00fchrte Weingut der Donauregion Kamptal. Seit seiner Gr\u00fcndung geh\u00f6rt das Weingut nicht nur zu den Top Betrieben der Region, sondern auch zu den f\u00fchrenden Betrieben \u00d6sterreichs. Seit 1996 wird nun das Weingut von Eva und Michael Moosbrugger (Falstaff Winzer des Jahres 2006, Golden Glass Schweden 2007, seit 2009 Top 100 Winery of Wine &amp; Spirits Magazine) geleitet &#8230;<\/p>\n<p><a href=\"https:\/\/www.gourmetclassic.de\/gourmet\/gourmet_post\/pdf\/GJ_2015_10_gobelsburg.pdf\" target=\"_blank\" rel=\"noopener noreferrer\">Mehr Infos im Artikel des Gourmet Classic Journal Ausgabe Oktober 2015 (pdf)<\/a><\/p>\n","protected":false},"excerpt":{"rendered":"<p>Unsere Winzerportr\u00e4ts aus dem Weinanbaugebiet Kamptal In unserem Gourmet Classic Journal stellen wir in loser Folge Weing\u00fcter und Sektkellereien aus<\/p>\n","protected":false},"author":1,"featured_media":0,"parent":3405,"menu_order":0,"comment_status":"closed","ping_status":"closed","template":"","meta":{"footnotes":""},"class_list":["post-3439","page","type-page","status-publish","hentry"],"yoast_head":"<!-- This site is optimized with the Yoast SEO plugin v25.6 - https:\/\/yoast.com\/wordpress\/plugins\/seo\/ -->\n<title>Weinanbaugebiet Kamptal - Gourmet Classic<\/title>\n<meta name=\"robots\" content=\"index, follow, max-snippet:-1, max-image-preview:large, max-video-preview:-1\" \/>\n<link rel=\"canonical\" href=\"https:\/\/www.gourmetclassic.de\/home\/winzer\/winzer-oesterreich\/weinanbaugebiet-kamptal\/\" \/>\n<meta property=\"og:locale\" content=\"de_DE\" \/>\n<meta property=\"og:type\" content=\"article\" \/>\n<meta property=\"og:title\" content=\"Weinanbaugebiet Kamptal - Gourmet Classic\" \/>\n<meta property=\"og:description\" content=\"Unsere Winzerportr\u00e4ts aus dem Weinanbaugebiet Kamptal In unserem Gourmet Classic Journal stellen wir in loser Folge Weing\u00fcter und Sektkellereien aus\" \/>\n<meta property=\"og:url\" content=\"https:\/\/www.gourmetclassic.de\/home\/winzer\/winzer-oesterreich\/weinanbaugebiet-kamptal\/\" \/>\n<meta property=\"og:site_name\" content=\"Gourmet Classic\" \/>\n<meta property=\"article:modified_time\" content=\"2023-03-27T13:46:41+00:00\" \/>\n<meta property=\"og:image\" content=\"https:\/\/www.gourmetclassic.de\/newsletter\/weixelbaum_250.jpg\" \/>\n<meta name=\"twitter:card\" content=\"summary_large_image\" \/>\n<meta name=\"twitter:label1\" content=\"Gesch\u00e4tzte Lesezeit\" \/>\n\t<meta name=\"twitter:data1\" content=\"7\u00a0Minuten\" \/>\n<script type=\"application\/ld+json\" class=\"yoast-schema-graph\">{\"@context\":\"https:\/\/schema.org\",\"@graph\":[{\"@type\":\"WebPage\",\"@id\":\"https:\/\/www.gourmetclassic.de\/home\/winzer\/winzer-oesterreich\/weinanbaugebiet-kamptal\/\",\"url\":\"https:\/\/www.gourmetclassic.de\/home\/winzer\/winzer-oesterreich\/weinanbaugebiet-kamptal\/\",\"name\":\"Weinanbaugebiet Kamptal - Gourmet Classic\",\"isPartOf\":{\"@id\":\"https:\/\/www.gourmetclassic.de\/home\/#website\"},\"primaryImageOfPage\":{\"@id\":\"https:\/\/www.gourmetclassic.de\/home\/winzer\/winzer-oesterreich\/weinanbaugebiet-kamptal\/#primaryimage\"},\"image\":{\"@id\":\"https:\/\/www.gourmetclassic.de\/home\/winzer\/winzer-oesterreich\/weinanbaugebiet-kamptal\/#primaryimage\"},\"thumbnailUrl\":\"https:\/\/www.gourmetclassic.de\/newsletter\/weixelbaum_250.jpg\",\"datePublished\":\"2021-06-03T13:53:15+00:00\",\"dateModified\":\"2023-03-27T13:46:41+00:00\",\"breadcrumb\":{\"@id\":\"https:\/\/www.gourmetclassic.de\/home\/winzer\/winzer-oesterreich\/weinanbaugebiet-kamptal\/#breadcrumb\"},\"inLanguage\":\"de\",\"potentialAction\":[{\"@type\":\"ReadAction\",\"target\":[\"https:\/\/www.gourmetclassic.de\/home\/winzer\/winzer-oesterreich\/weinanbaugebiet-kamptal\/\"]}]},{\"@type\":\"ImageObject\",\"inLanguage\":\"de\",\"@id\":\"https:\/\/www.gourmetclassic.de\/home\/winzer\/winzer-oesterreich\/weinanbaugebiet-kamptal\/#primaryimage\",\"url\":\"https:\/\/www.gourmetclassic.de\/newsletter\/weixelbaum_250.jpg\",\"contentUrl\":\"https:\/\/www.gourmetclassic.de\/newsletter\/weixelbaum_250.jpg\"},{\"@type\":\"BreadcrumbList\",\"@id\":\"https:\/\/www.gourmetclassic.de\/home\/winzer\/winzer-oesterreich\/weinanbaugebiet-kamptal\/#breadcrumb\",\"itemListElement\":[{\"@type\":\"ListItem\",\"position\":1,\"name\":\"Startseite\",\"item\":\"https:\/\/www.gourmetclassic.de\/home\/\"},{\"@type\":\"ListItem\",\"position\":2,\"name\":\"Winzer\",\"item\":\"https:\/\/www.gourmetclassic.de\/home\/winzer\/\"},{\"@type\":\"ListItem\",\"position\":3,\"name\":\"Wir stellen vor &#8211; Winzer aus \u00d6sterreich\",\"item\":\"https:\/\/www.gourmetclassic.de\/home\/winzer\/winzer-oesterreich\/\"},{\"@type\":\"ListItem\",\"position\":4,\"name\":\"Weinanbaugebiet Kamptal\"}]},{\"@type\":\"WebSite\",\"@id\":\"https:\/\/www.gourmetclassic.de\/home\/#website\",\"url\":\"https:\/\/www.gourmetclassic.de\/home\/\",\"name\":\"Gourmet Classic\",\"description\":\"Portal der gehobenen Gastlichkeit\",\"publisher\":{\"@id\":\"https:\/\/www.gourmetclassic.de\/home\/#organization\"},\"potentialAction\":[{\"@type\":\"SearchAction\",\"target\":{\"@type\":\"EntryPoint\",\"urlTemplate\":\"https:\/\/www.gourmetclassic.de\/home\/?s={search_term_string}\"},\"query-input\":{\"@type\":\"PropertyValueSpecification\",\"valueRequired\":true,\"valueName\":\"search_term_string\"}}],\"inLanguage\":\"de\"},{\"@type\":\"Organization\",\"@id\":\"https:\/\/www.gourmetclassic.de\/home\/#organization\",\"name\":\"Gourmet Classic\",\"url\":\"https:\/\/www.gourmetclassic.de\/home\/\",\"logo\":{\"@type\":\"ImageObject\",\"inLanguage\":\"de\",\"@id\":\"https:\/\/www.gourmetclassic.de\/home\/#\/schema\/logo\/image\/\",\"url\":\"https:\/\/www.gourmetclassic.de\/wp-content\/uploads\/2019\/04\/gourmet-classic-logo.jpg\",\"contentUrl\":\"https:\/\/www.gourmetclassic.de\/wp-content\/uploads\/2019\/04\/gourmet-classic-logo.jpg\",\"width\":253,\"height\":123,\"caption\":\"Gourmet Classic\"},\"image\":{\"@id\":\"https:\/\/www.gourmetclassic.de\/home\/#\/schema\/logo\/image\/\"}}]}<\/script>\n<!-- \/ Yoast SEO plugin. -->","yoast_head_json":{"title":"Weinanbaugebiet Kamptal - Gourmet Classic","robots":{"index":"index","follow":"follow","max-snippet":"max-snippet:-1","max-image-preview":"max-image-preview:large","max-video-preview":"max-video-preview:-1"},"canonical":"https:\/\/www.gourmetclassic.de\/home\/winzer\/winzer-oesterreich\/weinanbaugebiet-kamptal\/","og_locale":"de_DE","og_type":"article","og_title":"Weinanbaugebiet Kamptal - Gourmet Classic","og_description":"Unsere Winzerportr\u00e4ts aus dem Weinanbaugebiet Kamptal In unserem Gourmet Classic Journal stellen wir in loser Folge Weing\u00fcter und Sektkellereien aus","og_url":"https:\/\/www.gourmetclassic.de\/home\/winzer\/winzer-oesterreich\/weinanbaugebiet-kamptal\/","og_site_name":"Gourmet Classic","article_modified_time":"2023-03-27T13:46:41+00:00","og_image":[{"url":"https:\/\/www.gourmetclassic.de\/newsletter\/weixelbaum_250.jpg","type":"","width":"","height":""}],"twitter_card":"summary_large_image","twitter_misc":{"Gesch\u00e4tzte Lesezeit":"7\u00a0Minuten"},"schema":{"@context":"https:\/\/schema.org","@graph":[{"@type":"WebPage","@id":"https:\/\/www.gourmetclassic.de\/home\/winzer\/winzer-oesterreich\/weinanbaugebiet-kamptal\/","url":"https:\/\/www.gourmetclassic.de\/home\/winzer\/winzer-oesterreich\/weinanbaugebiet-kamptal\/","name":"Weinanbaugebiet Kamptal - Gourmet Classic","isPartOf":{"@id":"https:\/\/www.gourmetclassic.de\/home\/#website"},"primaryImageOfPage":{"@id":"https:\/\/www.gourmetclassic.de\/home\/winzer\/winzer-oesterreich\/weinanbaugebiet-kamptal\/#primaryimage"},"image":{"@id":"https:\/\/www.gourmetclassic.de\/home\/winzer\/winzer-oesterreich\/weinanbaugebiet-kamptal\/#primaryimage"},"thumbnailUrl":"https:\/\/www.gourmetclassic.de\/newsletter\/weixelbaum_250.jpg","datePublished":"2021-06-03T13:53:15+00:00","dateModified":"2023-03-27T13:46:41+00:00","breadcrumb":{"@id":"https:\/\/www.gourmetclassic.de\/home\/winzer\/winzer-oesterreich\/weinanbaugebiet-kamptal\/#breadcrumb"},"inLanguage":"de","potentialAction":[{"@type":"ReadAction","target":["https:\/\/www.gourmetclassic.de\/home\/winzer\/winzer-oesterreich\/weinanbaugebiet-kamptal\/"]}]},{"@type":"ImageObject","inLanguage":"de","@id":"https:\/\/www.gourmetclassic.de\/home\/winzer\/winzer-oesterreich\/weinanbaugebiet-kamptal\/#primaryimage","url":"https:\/\/www.gourmetclassic.de\/newsletter\/weixelbaum_250.jpg","contentUrl":"https:\/\/www.gourmetclassic.de\/newsletter\/weixelbaum_250.jpg"},{"@type":"BreadcrumbList","@id":"https:\/\/www.gourmetclassic.de\/home\/winzer\/winzer-oesterreich\/weinanbaugebiet-kamptal\/#breadcrumb","itemListElement":[{"@type":"ListItem","position":1,"name":"Startseite","item":"https:\/\/www.gourmetclassic.de\/home\/"},{"@type":"ListItem","position":2,"name":"Winzer","item":"https:\/\/www.gourmetclassic.de\/home\/winzer\/"},{"@type":"ListItem","position":3,"name":"Wir stellen vor &#8211; Winzer aus \u00d6sterreich","item":"https:\/\/www.gourmetclassic.de\/home\/winzer\/winzer-oesterreich\/"},{"@type":"ListItem","position":4,"name":"Weinanbaugebiet Kamptal"}]},{"@type":"WebSite","@id":"https:\/\/www.gourmetclassic.de\/home\/#website","url":"https:\/\/www.gourmetclassic.de\/home\/","name":"Gourmet Classic","description":"Portal der gehobenen Gastlichkeit","publisher":{"@id":"https:\/\/www.gourmetclassic.de\/home\/#organization"},"potentialAction":[{"@type":"SearchAction","target":{"@type":"EntryPoint","urlTemplate":"https:\/\/www.gourmetclassic.de\/home\/?s={search_term_string}"},"query-input":{"@type":"PropertyValueSpecification","valueRequired":true,"valueName":"search_term_string"}}],"inLanguage":"de"},{"@type":"Organization","@id":"https:\/\/www.gourmetclassic.de\/home\/#organization","name":"Gourmet Classic","url":"https:\/\/www.gourmetclassic.de\/home\/","logo":{"@type":"ImageObject","inLanguage":"de","@id":"https:\/\/www.gourmetclassic.de\/home\/#\/schema\/logo\/image\/","url":"https:\/\/www.gourmetclassic.de\/wp-content\/uploads\/2019\/04\/gourmet-classic-logo.jpg","contentUrl":"https:\/\/www.gourmetclassic.de\/wp-content\/uploads\/2019\/04\/gourmet-classic-logo.jpg","width":253,"height":123,"caption":"Gourmet Classic"},"image":{"@id":"https:\/\/www.gourmetclassic.de\/home\/#\/schema\/logo\/image\/"}}]}},"_links":{"self":[{"href":"https:\/\/www.gourmetclassic.de\/home\/wp-json\/wp\/v2\/pages\/3439"}],"collection":[{"href":"https:\/\/www.gourmetclassic.de\/home\/wp-json\/wp\/v2\/pages"}],"about":[{"href":"https:\/\/www.gourmetclassic.de\/home\/wp-json\/wp\/v2\/types\/page"}],"author":[{"embeddable":true,"href":"https:\/\/www.gourmetclassic.de\/home\/wp-json\/wp\/v2\/users\/1"}],"replies":[{"embeddable":true,"href":"https:\/\/www.gourmetclassic.de\/home\/wp-json\/wp\/v2\/comments?post=3439"}],"version-history":[{"count":13,"href":"https:\/\/www.gourmetclassic.de\/home\/wp-json\/wp\/v2\/pages\/3439\/revisions"}],"predecessor-version":[{"id":4127,"href":"https:\/\/www.gourmetclassic.de\/home\/wp-json\/wp\/v2\/pages\/3439\/revisions\/4127"}],"up":[{"embeddable":true,"href":"https:\/\/www.gourmetclassic.de\/home\/wp-json\/wp\/v2\/pages\/3405"}],"wp:attachment":[{"href":"https:\/\/www.gourmetclassic.de\/home\/wp-json\/wp\/v2\/media?parent=3439"}],"curies":[{"name":"wp","href":"https:\/\/api.w.org\/{rel}","templated":true}]}}